{"id":7148,"date":"2023-03-15T12:54:15","date_gmt":"2023-03-15T11:54:15","guid":{"rendered":"https:\/\/www.comll.cat\/es\/?post_type=tribe_events&#038;p=7148"},"modified":"2023-03-30T11:30:21","modified_gmt":"2023-03-30T09:30:21","slug":"xerrada-formativa-aplicacio-dels-estudis-biomecanics-clinics-en-la-marxa-en-atencio-primaria","status":"publish","type":"tribe_events","link":"https:\/\/www.comll.cat\/es\/agenda\/xerrada-formativa-aplicacio-dels-estudis-biomecanics-clinics-en-la-marxa-en-atencio-primaria\/","title":{"rendered":"CHARLA FORMATIVA Aplicaci\u00f3n en Atenci\u00f3n Primaria de los estudios biomec\u00e1nicos cl\u00ednicos en la marcha"},"content":{"rendered":"<p>La charla va dirigida a todos los colegiados.<\/p>\n<ul>\n<li>Ponente: Fernando Pifarr\u00e9 San Agust\u00edn (MD PhD)<br \/>\nM\u00e9dico Especialista en Medicina de la Educaci\u00f3n F\u00edsica y del Deporte . Pod\u00f3logo<br \/>\nPodolog\u00eda y Medicina del Deporte Dr. Fernando Pifarr\u00e9<br \/>\nDirector Centro de Medicina del Deporte en Lleida. Generalitat de Catalunya<br \/>\nProfesor asociado biomec\u00e1nica. Departamento de Enfermer\u00eda y fisioterapia. Universitat de Lleida<\/li>\n<li>Horas totales del curso: 2 hrs<\/li>\n<li>Horario del curso: 18.00 a 20.00 hrs<\/li>\n<li>Fecha del curso :29 de Marzo<\/li>\n<li>N\u00famero m\u00e1ximo de asistentes: 30( no hay m\u00ednimo de asistencia)<\/li>\n<li>Modalidad del curso: H\u00edbrida (presencial\/streaming)<\/li>\n<li>Precio : Gratuito<\/li>\n<li>Ubicaci\u00f3n curso : Sala formaci\u00f3n COMLL<\/li>\n<\/ul>\n<p><strong>PROGRAMA<\/strong><\/p>\n<p>APLICACI\u00d3N EN ATENCI\u00d3N PRIMARIA DE LOS ESTUDIOS BIOMEC\u00c1NICOS CL\u00cdNICOS DE LA MARCHA<\/p>\n<ol>\n<li>Que son los estudios biomec\u00e1nicos cl\u00ednicos de la marcha<\/li>\n<li>Tipos de estudios<\/li>\n<li>Para qu\u00e9 sirven<\/li>\n<li>Qui\u00e9n puede hacerlos<\/li>\n<li>En qu\u00e9 consisten<\/li>\n<li>Patolog\u00edas susceptibles de beneficiarse de un estudio biomec\u00e1nico de la marcha<\/li>\n<li>Or\u00edgenes biomec\u00e1nicos en la patolog\u00eda por sobrecarga<\/li>\n<li>C\u00f3mo se hace un estudio biomec\u00e1nico<\/li>\n<li>Qu\u00e9 entendemos por mecanismo de compensaci\u00f3n<\/li>\n<li>Qu\u00e9 son la ortesis plantares<\/li>\n<li>Cu\u00e1les son las funciones de las ortesis plantares<\/li>\n<li>Interrelaciones con otros profesionales<\/li>\n<\/ol>\n<p>Durante la charla se describir\u00e1n una serie de patolog\u00edas por sobrecarga como puede ser el s\u00edndrome de la fascia lata, fascitis plantares, periostitis de tibia\u2026 que si bien son entidades patol\u00f3gicas menores se consultan mucho en atenci\u00f3n primaria. Estas alteraciones son derivadas a servicios de traumatolog\u00eda a los que se le hace pruebas radiol\u00f3gicas sofisticadas centrada en la articulaci\u00f3n cuando estas lesiones son extraarticulares y por tanto banales, pero muy molestas.<\/p>\n<p>Mediante un estudio biomec\u00e1nico de la marcha se diagnostican con facilidad y se tratan con ortesis plantares o pocas sesiones de fisioterapia alcanz\u00e1ndose un gran \u00e9xito.<\/p>\n","protected":false},"excerpt":{"rendered":"<p>La charla va dirigida a todos los colegiados. Ponente: Fernando Pifarr\u00e9 San Agust\u00edn (MD PhD) M\u00e9dico Especialista en Medicina de...<\/p>\n","protected":false},"author":4,"featured_media":7149,"template":"","meta":{"_acf_changed":false,"inline_featured_image":false,"_tribe_events_status":"","_tribe_events_status_reason":"","_tribe_events_is_hybrid":"","_tribe_events_is_virtual":"","_tribe_events_virtual_video_source":"","_tribe_events_virtual_embed_video":"","_tribe_events_virtual_linked_button_text":"","_tribe_events_virtual_linked_button":"","_tribe_events_virtual_show_embed_at":"","_tribe_events_virtual_show_embed_to":[],"_tribe_events_virtual_show_on_event":"","_tribe_events_virtual_show_on_views":"","_tribe_events_virtual_url":"","footnotes":""},"tags":[],"tribe_events_cat":[153],"class_list":["post-7148","tribe_events","type-tribe_events","status-publish","has-post-thumbnail","hentry","tribe_events_cat-formacion","cat_formacion"],"acf":[],"yoast_head":"<!-- This site is optimized with the Yoast SEO plugin v27.5 - https:\/\/yoast.com\/product\/yoast-seo-wordpress\/ -->\n<title>CHARLA FORMATIVA Aplicaci\u00f3n en Atenci\u00f3n Primaria de los estudios biomec\u00e1nicos cl\u00ednicos en la marcha - Col\u00b7legi Oficial de Metges de Lleida<\/title>\n<meta name=\"robots\" content=\"index, follow, max-snippet:-1, max-image-preview:large, max-video-preview:-1\" \/>\n<link rel=\"canonical\" href=\"https:\/\/www.comll.cat\/es\/agenda\/xerrada-formativa-aplicacio-dels-estudis-biomecanics-clinics-en-la-marxa-en-atencio-primaria\/\" \/>\n<meta property=\"og:locale\" content=\"es_ES\" \/>\n<meta property=\"og:type\" content=\"article\" \/>\n<meta property=\"og:title\" content=\"CHARLA FORMATIVA Aplicaci\u00f3n en Atenci\u00f3n Primaria de los estudios biomec\u00e1nicos cl\u00ednicos en la marcha - Col\u00b7legi Oficial de Metges de Lleida\" \/>\n<meta property=\"og:description\" content=\"La charla va dirigida a todos los colegiados. Ponente: Fernando Pifarr\u00e9 San Agust\u00edn (MD PhD) M\u00e9dico Especialista en Medicina de...\" \/>\n<meta property=\"og:url\" content=\"https:\/\/www.comll.cat\/es\/agenda\/xerrada-formativa-aplicacio-dels-estudis-biomecanics-clinics-en-la-marxa-en-atencio-primaria\/\" \/>\n<meta property=\"og:site_name\" content=\"Col\u00b7legi Oficial de Metges de Lleida\" \/>\n<meta property=\"article:modified_time\" content=\"2023-03-30T09:30:21+00:00\" \/>\n<meta property=\"og:image\" content=\"https:\/\/www.comll.cat\/es\/wp-content\/uploads\/sites\/3\/estudis-biomecanics-marxa-petit.png\" \/>\n\t<meta property=\"og:image:width\" content=\"640\" \/>\n\t<meta property=\"og:image:height\" content=\"360\" \/>\n\t<meta property=\"og:image:type\" content=\"image\/png\" \/>\n<meta name=\"twitter:card\" content=\"summary_large_image\" \/>\n<script type=\"application\/ld+json\" class=\"yoast-schema-graph\">{\"@context\":\"https:\\\/\\\/schema.org\",\"@graph\":[{\"@type\":\"WebPage\",\"@id\":\"https:\\\/\\\/www.comll.cat\\\/es\\\/agenda\\\/xerrada-formativa-aplicacio-dels-estudis-biomecanics-clinics-en-la-marxa-en-atencio-primaria\\\/\",\"url\":\"https:\\\/\\\/www.comll.cat\\\/es\\\/agenda\\\/xerrada-formativa-aplicacio-dels-estudis-biomecanics-clinics-en-la-marxa-en-atencio-primaria\\\/\",\"name\":\"CHARLA FORMATIVA Aplicaci\u00f3n en Atenci\u00f3n Primaria de los estudios biomec\u00e1nicos cl\u00ednicos en la marcha - Col\u00b7legi Oficial de Metges de Lleida\",\"isPartOf\":{\"@id\":\"https:\\\/\\\/www.comll.cat\\\/es\\\/#website\"},\"primaryImageOfPage\":{\"@id\":\"https:\\\/\\\/www.comll.cat\\\/es\\\/agenda\\\/xerrada-formativa-aplicacio-dels-estudis-biomecanics-clinics-en-la-marxa-en-atencio-primaria\\\/#primaryimage\"},\"image\":{\"@id\":\"https:\\\/\\\/www.comll.cat\\\/es\\\/agenda\\\/xerrada-formativa-aplicacio-dels-estudis-biomecanics-clinics-en-la-marxa-en-atencio-primaria\\\/#primaryimage\"},\"thumbnailUrl\":\"https:\\\/\\\/www.comll.cat\\\/es\\\/wp-content\\\/uploads\\\/sites\\\/3\\\/estudis-biomecanics-marxa-petit.png\",\"datePublished\":\"2023-03-15T11:54:15+00:00\",\"dateModified\":\"2023-03-30T09:30:21+00:00\",\"breadcrumb\":{\"@id\":\"https:\\\/\\\/www.comll.cat\\\/es\\\/agenda\\\/xerrada-formativa-aplicacio-dels-estudis-biomecanics-clinics-en-la-marxa-en-atencio-primaria\\\/#breadcrumb\"},\"inLanguage\":\"es\",\"potentialAction\":[{\"@type\":\"ReadAction\",\"target\":[\"https:\\\/\\\/www.comll.cat\\\/es\\\/agenda\\\/xerrada-formativa-aplicacio-dels-estudis-biomecanics-clinics-en-la-marxa-en-atencio-primaria\\\/\"]}]},{\"@type\":\"ImageObject\",\"inLanguage\":\"es\",\"@id\":\"https:\\\/\\\/www.comll.cat\\\/es\\\/agenda\\\/xerrada-formativa-aplicacio-dels-estudis-biomecanics-clinics-en-la-marxa-en-atencio-primaria\\\/#primaryimage\",\"url\":\"https:\\\/\\\/www.comll.cat\\\/es\\\/wp-content\\\/uploads\\\/sites\\\/3\\\/estudis-biomecanics-marxa-petit.png\",\"contentUrl\":\"https:\\\/\\\/www.comll.cat\\\/es\\\/wp-content\\\/uploads\\\/sites\\\/3\\\/estudis-biomecanics-marxa-petit.png\",\"width\":640,\"height\":360},{\"@type\":\"BreadcrumbList\",\"@id\":\"https:\\\/\\\/www.comll.cat\\\/es\\\/agenda\\\/xerrada-formativa-aplicacio-dels-estudis-biomecanics-clinics-en-la-marxa-en-atencio-primaria\\\/#breadcrumb\",\"itemListElement\":[{\"@type\":\"ListItem\",\"position\":1,\"name\":\"Portada\",\"item\":\"https:\\\/\\\/www.comll.cat\\\/es\\\/\"},{\"@type\":\"ListItem\",\"position\":2,\"name\":\"Eventos\",\"item\":\"https:\\\/\\\/www.comll.cat\\\/es\\\/agenda-c\\\/\"},{\"@type\":\"ListItem\",\"position\":3,\"name\":\"CHARLA FORMATIVA Aplicaci\u00f3n en Atenci\u00f3n Primaria de los estudios biomec\u00e1nicos cl\u00ednicos en la marcha\"}]},{\"@type\":\"WebSite\",\"@id\":\"https:\\\/\\\/www.comll.cat\\\/es\\\/#website\",\"url\":\"https:\\\/\\\/www.comll.cat\\\/es\\\/\",\"name\":\"Col\u00b7legi Oficial de Metges de Lleida\",\"description\":\"COMLL\",\"potentialAction\":[{\"@type\":\"SearchAction\",\"target\":{\"@type\":\"EntryPoint\",\"urlTemplate\":\"https:\\\/\\\/www.comll.cat\\\/es\\\/?s={search_term_string}\"},\"query-input\":{\"@type\":\"PropertyValueSpecification\",\"valueRequired\":true,\"valueName\":\"search_term_string\"}}],\"inLanguage\":\"es\"}]}<\/script>\n<!-- \/ Yoast SEO plugin. -->","yoast_head_json":{"title":"CHARLA FORMATIVA Aplicaci\u00f3n en Atenci\u00f3n Primaria de los estudios biomec\u00e1nicos cl\u00ednicos en la marcha - Col\u00b7legi Oficial de Metges de Lleida","robots":{"index":"index","follow":"follow","max-snippet":"max-snippet:-1","max-image-preview":"max-image-preview:large","max-video-preview":"max-video-preview:-1"},"canonical":"https:\/\/www.comll.cat\/es\/agenda\/xerrada-formativa-aplicacio-dels-estudis-biomecanics-clinics-en-la-marxa-en-atencio-primaria\/","og_locale":"es_ES","og_type":"article","og_title":"CHARLA FORMATIVA Aplicaci\u00f3n en Atenci\u00f3n Primaria de los estudios biomec\u00e1nicos cl\u00ednicos en la marcha - Col\u00b7legi Oficial de Metges de Lleida","og_description":"La charla va dirigida a todos los colegiados. Ponente: Fernando Pifarr\u00e9 San Agust\u00edn (MD PhD) M\u00e9dico Especialista en Medicina de...","og_url":"https:\/\/www.comll.cat\/es\/agenda\/xerrada-formativa-aplicacio-dels-estudis-biomecanics-clinics-en-la-marxa-en-atencio-primaria\/","og_site_name":"Col\u00b7legi Oficial de Metges de Lleida","article_modified_time":"2023-03-30T09:30:21+00:00","og_image":[{"width":640,"height":360,"url":"https:\/\/www.comll.cat\/es\/wp-content\/uploads\/sites\/3\/estudis-biomecanics-marxa-petit.png","type":"image\/png"}],"twitter_card":"summary_large_image","schema":{"@context":"https:\/\/schema.org","@graph":[{"@type":"WebPage","@id":"https:\/\/www.comll.cat\/es\/agenda\/xerrada-formativa-aplicacio-dels-estudis-biomecanics-clinics-en-la-marxa-en-atencio-primaria\/","url":"https:\/\/www.comll.cat\/es\/agenda\/xerrada-formativa-aplicacio-dels-estudis-biomecanics-clinics-en-la-marxa-en-atencio-primaria\/","name":"CHARLA FORMATIVA Aplicaci\u00f3n en Atenci\u00f3n Primaria de los estudios biomec\u00e1nicos cl\u00ednicos en la marcha - Col\u00b7legi Oficial de Metges de Lleida","isPartOf":{"@id":"https:\/\/www.comll.cat\/es\/#website"},"primaryImageOfPage":{"@id":"https:\/\/www.comll.cat\/es\/agenda\/xerrada-formativa-aplicacio-dels-estudis-biomecanics-clinics-en-la-marxa-en-atencio-primaria\/#primaryimage"},"image":{"@id":"https:\/\/www.comll.cat\/es\/agenda\/xerrada-formativa-aplicacio-dels-estudis-biomecanics-clinics-en-la-marxa-en-atencio-primaria\/#primaryimage"},"thumbnailUrl":"https:\/\/www.comll.cat\/es\/wp-content\/uploads\/sites\/3\/estudis-biomecanics-marxa-petit.png","datePublished":"2023-03-15T11:54:15+00:00","dateModified":"2023-03-30T09:30:21+00:00","breadcrumb":{"@id":"https:\/\/www.comll.cat\/es\/agenda\/xerrada-formativa-aplicacio-dels-estudis-biomecanics-clinics-en-la-marxa-en-atencio-primaria\/#breadcrumb"},"inLanguage":"es","potentialAction":[{"@type":"ReadAction","target":["https:\/\/www.comll.cat\/es\/agenda\/xerrada-formativa-aplicacio-dels-estudis-biomecanics-clinics-en-la-marxa-en-atencio-primaria\/"]}]},{"@type":"ImageObject","inLanguage":"es","@id":"https:\/\/www.comll.cat\/es\/agenda\/xerrada-formativa-aplicacio-dels-estudis-biomecanics-clinics-en-la-marxa-en-atencio-primaria\/#primaryimage","url":"https:\/\/www.comll.cat\/es\/wp-content\/uploads\/sites\/3\/estudis-biomecanics-marxa-petit.png","contentUrl":"https:\/\/www.comll.cat\/es\/wp-content\/uploads\/sites\/3\/estudis-biomecanics-marxa-petit.png","width":640,"height":360},{"@type":"BreadcrumbList","@id":"https:\/\/www.comll.cat\/es\/agenda\/xerrada-formativa-aplicacio-dels-estudis-biomecanics-clinics-en-la-marxa-en-atencio-primaria\/#breadcrumb","itemListElement":[{"@type":"ListItem","position":1,"name":"Portada","item":"https:\/\/www.comll.cat\/es\/"},{"@type":"ListItem","position":2,"name":"Eventos","item":"https:\/\/www.comll.cat\/es\/agenda-c\/"},{"@type":"ListItem","position":3,"name":"CHARLA FORMATIVA Aplicaci\u00f3n en Atenci\u00f3n Primaria de los estudios biomec\u00e1nicos cl\u00ednicos en la marcha"}]},{"@type":"WebSite","@id":"https:\/\/www.comll.cat\/es\/#website","url":"https:\/\/www.comll.cat\/es\/","name":"Col\u00b7legi Oficial de Metges de Lleida","description":"COMLL","potentialAction":[{"@type":"SearchAction","target":{"@type":"EntryPoint","urlTemplate":"https:\/\/www.comll.cat\/es\/?s={search_term_string}"},"query-input":{"@type":"PropertyValueSpecification","valueRequired":true,"valueName":"search_term_string"}}],"inLanguage":"es"}]}},"publishpress_future_workflow_manual_trigger":{"enabledWorkflows":[]},"_links":{"self":[{"href":"https:\/\/www.comll.cat\/es\/wp-json\/wp\/v2\/tribe_events\/7148","targetHints":{"allow":["GET"]}}],"collection":[{"href":"https:\/\/www.comll.cat\/es\/wp-json\/wp\/v2\/tribe_events"}],"about":[{"href":"https:\/\/www.comll.cat\/es\/wp-json\/wp\/v2\/types\/tribe_events"}],"author":[{"embeddable":true,"href":"https:\/\/www.comll.cat\/es\/wp-json\/wp\/v2\/users\/4"}],"version-history":[{"count":8,"href":"https:\/\/www.comll.cat\/es\/wp-json\/wp\/v2\/tribe_events\/7148\/revisions"}],"predecessor-version":[{"id":7354,"href":"https:\/\/www.comll.cat\/es\/wp-json\/wp\/v2\/tribe_events\/7148\/revisions\/7354"}],"wp:featuredmedia":[{"embeddable":true,"href":"https:\/\/www.comll.cat\/es\/wp-json\/wp\/v2\/media\/7149"}],"wp:attachment":[{"href":"https:\/\/www.comll.cat\/es\/wp-json\/wp\/v2\/media?parent=7148"}],"wp:term":[{"taxonomy":"post_tag","embeddable":true,"href":"https:\/\/www.comll.cat\/es\/wp-json\/wp\/v2\/tags?post=7148"},{"taxonomy":"tribe_events_cat","embeddable":true,"href":"https:\/\/www.comll.cat\/es\/wp-json\/wp\/v2\/tribe_events_cat?post=7148"}],"curies":[{"name":"wp","href":"https:\/\/api.w.org\/{rel}","templated":true}]}}