{"id":3426,"date":"2022-02-02T11:08:35","date_gmt":"2022-02-02T10:08:35","guid":{"rendered":"https:\/\/www.comll.cat\/agenda\/certificat-catala-c1\/"},"modified":"2022-02-10T14:29:09","modified_gmt":"2022-02-10T13:29:09","slug":"certificat-catala-c1","status":"publish","type":"tribe_events","link":"https:\/\/www.comll.cat\/es\/agenda\/certificat-catala-c1\/","title":{"rendered":"CERTIFICAT CATAL\u00c0 C1 - A partir de l'1 de mar\u00e7 de 2022"},"content":{"rendered":"<h3><strong>Sufici\u00e8ncia 1-2-3 (C1)<\/strong><\/h3>\n<p><strong>DESCRIPCI\u00d3 DEL CURS<\/strong><\/p>\n<p>L'alumne ser\u00e0 capa\u00e7 de comunicar-se oralment i per escrit de manera flexible i efica\u00e7 en les situacions comunicatives de car\u00e0cter formal usuals de l'\u00e0mbit social, acad\u00e8mic i professional. L\u2019aprenent s\u2019haur\u00e0 de poder expressar amb flu\u00efdesa i espontane\u00eftat, i demostrar un \u00fas controlat de les estructures organitzatives, connectors i mecanismes de cohesi\u00f3.<\/p>\n<p><strong>DESTINATARIS: <\/strong>Persones que acreditin el nivell B2 o que hagin fet una prova de col\u00b7locaci\u00f3 en els \u00faltims dos anys amb el CPNL\u00a0 i que els recomani aquest nivell.<\/p>\n<ul>\n<li>Persones que acreditin el nivell Intermedi B2 del Consorci per a la Normalitzaci\u00f3 Ling\u00fc\u00edstica (CPNL) o de la Secretaria de Pol\u00edtica Ling\u00fc\u00edstica (SPL), abans Direcci\u00f3 General de Pol\u00edtica Ling\u00fc\u00edstica.<\/li>\n<li>Persones que tinguin un\u00a0\u00a0t\u00edtol, diploma o certificat equivalent al certificat de nivell intermedi de catal\u00e0 B2 de la DGPL:\u00a0<a href=\"https:\/\/llengua.gencat.cat\/web\/.content\/documents\/certificats_de_catala\/arxius\/equiv_llista.pdf\">Sra (gencat.cat)<\/a><\/li>\n<li>Persones que hagin fet una prova de col\u00b7locaci\u00f3 amb el CPNL en els darrers 2 anys que els recomani aquest nivell.<\/li>\n<\/ul>\n<p><strong>PROFESSORAT:<\/strong>\u00a0el curs l'impartir\u00e0 un professor del Centre de Normalitzaci\u00f3 Ling\u00fc\u00edstica (CNL) de Lleida.<\/p>\n<p><strong>MODALITAT: <\/strong>Semipresencial 1 sessi\u00f3 presencial setmanal de 3 hores, en horari de 17:30 a 20:30, a la seu del COMLL, i 3 hores setmanals de treball en l\u00ednia, sense horari establert,\u00a0 a la plataforma del curs (Moodle)<\/p>\n<p><strong>CALENDARI:\u00a0<\/strong>de l'1 de mar\u00e7 al 29 de juliol de 2022<\/p>\n<p><strong>DEDICACI\u00d3:<\/strong>\u00a0es recomana dedicar-hi un m\u00ednim de 6 hores setmanals.<\/p>\n<p><strong>AVALUACI\u00d3:<\/strong>\u00a0el\u00a0resultat de l'avaluaci\u00f3 final \u00e9s la suma de l'avaluaci\u00f3 de curs (20%) i de la prova final (80%). Requisits per presentar-se a la prova final: haver assistit al 75% de les sessions presencials (l'assist\u00e8ncia es compta des del dia d'inici del curs) i haver lliurat totes les tasques obligat\u00f2ries dins del termini marcat pel pla de treball.<\/p>\n<p><strong>DURADA: <\/strong>120 hores<\/p>\n<p><strong>CERTIFICACI\u00d3: <\/strong><em>Certificat de coneixements de catal\u00e0 de nivell de Sufici\u00e8ncia, C1<\/em>. <em>Per a m\u00e9s informaci\u00f3 vegeu la normativa dels cursos de catal\u00e0 al <\/em><a href=\"https:\/\/www.cpnl.cat\/cursos-de-catala\/normativa-cursos\/certificacio\/\"><em>web<\/em><\/a><em>.<\/em><\/p>\n<p><strong>PREU DE MATR\u00cdCULA:<\/strong> 260\u20ac<\/p>\n<p><a href=\"https:\/\/lleida.gescol.org\/app\/inicio\/index.aspx\" target=\"_blank\" rel=\"noopener noreferrer\"><img loading=\"lazy\" decoding=\"async\" class=\"alignleft wp-image-26172 size-full\" title=\"Inscripci\u00f3 ciutadania\" src=\"https:\/\/www.comll.cat\/wp-content\/uploads\/sites\/3\/ins-ciutadania.jpg\" alt=\"INS-ciutadania\" width=\"223\" height=\"43\" \/><\/a><a href=\"https:\/\/lleida.gescol.org\/app\/inicio\/index.aspx\" target=\"_blank\" rel=\"noopener noreferrer\"><img loading=\"lazy\" decoding=\"async\" class=\"alignleft wp-image-26174 size-full\" title=\"Inscripci\u00f3 col\u00b7legiats\" src=\"https:\/\/www.comll.cat\/wp-content\/uploads\/sites\/3\/ins-colegiats.jpg\" alt=\"INS-colegiats\" width=\"223\" height=\"43\" \/><\/a><\/p>\n","protected":false},"excerpt":{"rendered":"<p>Sufici\u00e8ncia 1-2-3 (C1) DESCRIPCI\u00d3 DEL CURS L'alumne ser\u00e0 capa\u00e7 de comunicar-se oralment i per escrit de manera flexible i efica\u00e7...<\/p>\n","protected":false},"author":1,"featured_media":3427,"template":"","meta":{"_acf_changed":false,"inline_featured_image":false,"_tribe_events_status":"","_tribe_events_status_reason":"","_tribe_events_is_hybrid":"","_tribe_events_is_virtual":"","_tribe_events_virtual_video_source":"","_tribe_events_virtual_embed_video":"","_tribe_events_virtual_linked_button_text":"","_tribe_events_virtual_linked_button":"","_tribe_events_virtual_show_embed_at":"","_tribe_events_virtual_show_embed_to":[],"_tribe_events_virtual_show_on_event":"","_tribe_events_virtual_show_on_views":"","_tribe_events_virtual_url":"","footnotes":""},"tags":[148,149,150],"tribe_events_cat":[138,137],"class_list":["post-3426","tribe_events","type-tribe_events","status-publish","has-post-thumbnail","hentry","tag-c1","tag-consorci","tag-normalitzacio","tribe_events_cat-destacat","tribe_events_cat-formacio","cat_destacat","cat_formacio"],"acf":[],"yoast_head":"<!-- This site is optimized with the Yoast SEO plugin v27.5 - https:\/\/yoast.com\/product\/yoast-seo-wordpress\/ -->\n<title>CERTIFICAT CATAL\u00c0 C1 - A partir de l&#039;1 de mar\u00e7 de 2022 - Col\u00b7legi Oficial de Metges de Lleida<\/title>\n<meta name=\"robots\" content=\"index, follow, max-snippet:-1, max-image-preview:large, max-video-preview:-1\" \/>\n<link rel=\"canonical\" href=\"https:\/\/www.comll.cat\/es\/agenda\/certificat-catala-c1\/\" \/>\n<meta property=\"og:locale\" content=\"es_ES\" \/>\n<meta property=\"og:type\" content=\"article\" \/>\n<meta property=\"og:title\" content=\"CERTIFICAT CATAL\u00c0 C1 - A partir de l&#039;1 de mar\u00e7 de 2022 - Col\u00b7legi Oficial de Metges de Lleida\" \/>\n<meta property=\"og:description\" content=\"Sufici\u00e8ncia 1-2-3 (C1) DESCRIPCI\u00d3 DEL CURS L&#039;alumne ser\u00e0 capa\u00e7 de comunicar-se oralment i per escrit de manera flexible i efica\u00e7...\" \/>\n<meta property=\"og:url\" content=\"https:\/\/www.comll.cat\/es\/agenda\/certificat-catala-c1\/\" \/>\n<meta property=\"og:site_name\" content=\"Col\u00b7legi Oficial de Metges de Lleida\" \/>\n<meta property=\"article:modified_time\" content=\"2022-02-10T13:29:09+00:00\" \/>\n<meta property=\"og:image\" content=\"https:\/\/www.comll.cat\/es\/wp-content\/uploads\/sites\/3\/banner-c1.jpg\" \/>\n\t<meta property=\"og:image:width\" content=\"952\" \/>\n\t<meta property=\"og:image:height\" content=\"420\" \/>\n\t<meta property=\"og:image:type\" content=\"image\/jpeg\" \/>\n<meta name=\"twitter:card\" content=\"summary_large_image\" \/>\n<script type=\"application\/ld+json\" class=\"yoast-schema-graph\">{\"@context\":\"https:\\\/\\\/schema.org\",\"@graph\":[{\"@type\":\"WebPage\",\"@id\":\"https:\\\/\\\/www.comll.cat\\\/es\\\/agenda\\\/certificat-catala-c1\\\/\",\"url\":\"https:\\\/\\\/www.comll.cat\\\/es\\\/agenda\\\/certificat-catala-c1\\\/\",\"name\":\"CERTIFICAT CATAL\u00c0 C1 - A partir de l'1 de mar\u00e7 de 2022 - Col\u00b7legi Oficial de Metges de Lleida\",\"isPartOf\":{\"@id\":\"https:\\\/\\\/www.comll.cat\\\/es\\\/#website\"},\"primaryImageOfPage\":{\"@id\":\"https:\\\/\\\/www.comll.cat\\\/es\\\/agenda\\\/certificat-catala-c1\\\/#primaryimage\"},\"image\":{\"@id\":\"https:\\\/\\\/www.comll.cat\\\/es\\\/agenda\\\/certificat-catala-c1\\\/#primaryimage\"},\"thumbnailUrl\":\"https:\\\/\\\/www.comll.cat\\\/es\\\/wp-content\\\/uploads\\\/sites\\\/3\\\/banner-c1.jpg\",\"datePublished\":\"2022-02-02T10:08:35+00:00\",\"dateModified\":\"2022-02-10T13:29:09+00:00\",\"breadcrumb\":{\"@id\":\"https:\\\/\\\/www.comll.cat\\\/es\\\/agenda\\\/certificat-catala-c1\\\/#breadcrumb\"},\"inLanguage\":\"es\",\"potentialAction\":[{\"@type\":\"ReadAction\",\"target\":[\"https:\\\/\\\/www.comll.cat\\\/es\\\/agenda\\\/certificat-catala-c1\\\/\"]}]},{\"@type\":\"ImageObject\",\"inLanguage\":\"es\",\"@id\":\"https:\\\/\\\/www.comll.cat\\\/es\\\/agenda\\\/certificat-catala-c1\\\/#primaryimage\",\"url\":\"https:\\\/\\\/www.comll.cat\\\/es\\\/wp-content\\\/uploads\\\/sites\\\/3\\\/banner-c1.jpg\",\"contentUrl\":\"https:\\\/\\\/www.comll.cat\\\/es\\\/wp-content\\\/uploads\\\/sites\\\/3\\\/banner-c1.jpg\",\"width\":952,\"height\":420,\"caption\":\"banner-c1\"},{\"@type\":\"BreadcrumbList\",\"@id\":\"https:\\\/\\\/www.comll.cat\\\/es\\\/agenda\\\/certificat-catala-c1\\\/#breadcrumb\",\"itemListElement\":[{\"@type\":\"ListItem\",\"position\":1,\"name\":\"Portada\",\"item\":\"https:\\\/\\\/www.comll.cat\\\/es\\\/\"},{\"@type\":\"ListItem\",\"position\":2,\"name\":\"Eventos\",\"item\":\"https:\\\/\\\/www.comll.cat\\\/es\\\/agenda-c\\\/\"},{\"@type\":\"ListItem\",\"position\":3,\"name\":\"CERTIFICAT CATAL\u00c0 C1 - A partir de l'1 de mar\u00e7 de 2022\"}]},{\"@type\":\"WebSite\",\"@id\":\"https:\\\/\\\/www.comll.cat\\\/es\\\/#website\",\"url\":\"https:\\\/\\\/www.comll.cat\\\/es\\\/\",\"name\":\"Col\u00b7legi Oficial de Metges de Lleida\",\"description\":\"COMLL\",\"potentialAction\":[{\"@type\":\"SearchAction\",\"target\":{\"@type\":\"EntryPoint\",\"urlTemplate\":\"https:\\\/\\\/www.comll.cat\\\/es\\\/?s={search_term_string}\"},\"query-input\":{\"@type\":\"PropertyValueSpecification\",\"valueRequired\":true,\"valueName\":\"search_term_string\"}}],\"inLanguage\":\"es\"}]}<\/script>\n<!-- \/ Yoast SEO plugin. -->","yoast_head_json":{"title":"CERTIFICAT CATAL\u00c0 C1 - A partir de l'1 de mar\u00e7 de 2022 - Col\u00b7legi Oficial de Metges de Lleida","robots":{"index":"index","follow":"follow","max-snippet":"max-snippet:-1","max-image-preview":"max-image-preview:large","max-video-preview":"max-video-preview:-1"},"canonical":"https:\/\/www.comll.cat\/es\/agenda\/certificat-catala-c1\/","og_locale":"es_ES","og_type":"article","og_title":"CERTIFICAT CATAL\u00c0 C1 - A partir de l'1 de mar\u00e7 de 2022 - Col\u00b7legi Oficial de Metges de Lleida","og_description":"Sufici\u00e8ncia 1-2-3 (C1) DESCRIPCI\u00d3 DEL CURS L'alumne ser\u00e0 capa\u00e7 de comunicar-se oralment i per escrit de manera flexible i efica\u00e7...","og_url":"https:\/\/www.comll.cat\/es\/agenda\/certificat-catala-c1\/","og_site_name":"Col\u00b7legi Oficial de Metges de Lleida","article_modified_time":"2022-02-10T13:29:09+00:00","og_image":[{"width":952,"height":420,"url":"https:\/\/www.comll.cat\/es\/wp-content\/uploads\/sites\/3\/banner-c1.jpg","type":"image\/jpeg"}],"twitter_card":"summary_large_image","schema":{"@context":"https:\/\/schema.org","@graph":[{"@type":"WebPage","@id":"https:\/\/www.comll.cat\/es\/agenda\/certificat-catala-c1\/","url":"https:\/\/www.comll.cat\/es\/agenda\/certificat-catala-c1\/","name":"CERTIFICAT CATAL\u00c0 C1 - A partir de l'1 de mar\u00e7 de 2022 - Col\u00b7legi Oficial de Metges de Lleida","isPartOf":{"@id":"https:\/\/www.comll.cat\/es\/#website"},"primaryImageOfPage":{"@id":"https:\/\/www.comll.cat\/es\/agenda\/certificat-catala-c1\/#primaryimage"},"image":{"@id":"https:\/\/www.comll.cat\/es\/agenda\/certificat-catala-c1\/#primaryimage"},"thumbnailUrl":"https:\/\/www.comll.cat\/es\/wp-content\/uploads\/sites\/3\/banner-c1.jpg","datePublished":"2022-02-02T10:08:35+00:00","dateModified":"2022-02-10T13:29:09+00:00","breadcrumb":{"@id":"https:\/\/www.comll.cat\/es\/agenda\/certificat-catala-c1\/#breadcrumb"},"inLanguage":"es","potentialAction":[{"@type":"ReadAction","target":["https:\/\/www.comll.cat\/es\/agenda\/certificat-catala-c1\/"]}]},{"@type":"ImageObject","inLanguage":"es","@id":"https:\/\/www.comll.cat\/es\/agenda\/certificat-catala-c1\/#primaryimage","url":"https:\/\/www.comll.cat\/es\/wp-content\/uploads\/sites\/3\/banner-c1.jpg","contentUrl":"https:\/\/www.comll.cat\/es\/wp-content\/uploads\/sites\/3\/banner-c1.jpg","width":952,"height":420,"caption":"banner-c1"},{"@type":"BreadcrumbList","@id":"https:\/\/www.comll.cat\/es\/agenda\/certificat-catala-c1\/#breadcrumb","itemListElement":[{"@type":"ListItem","position":1,"name":"Portada","item":"https:\/\/www.comll.cat\/es\/"},{"@type":"ListItem","position":2,"name":"Eventos","item":"https:\/\/www.comll.cat\/es\/agenda-c\/"},{"@type":"ListItem","position":3,"name":"CERTIFICAT CATAL\u00c0 C1 - A partir de l'1 de mar\u00e7 de 2022"}]},{"@type":"WebSite","@id":"https:\/\/www.comll.cat\/es\/#website","url":"https:\/\/www.comll.cat\/es\/","name":"Col\u00b7legi Oficial de Metges de Lleida","description":"COMLL","potentialAction":[{"@type":"SearchAction","target":{"@type":"EntryPoint","urlTemplate":"https:\/\/www.comll.cat\/es\/?s={search_term_string}"},"query-input":{"@type":"PropertyValueSpecification","valueRequired":true,"valueName":"search_term_string"}}],"inLanguage":"es"}]}},"publishpress_future_workflow_manual_trigger":{"enabledWorkflows":[]},"_links":{"self":[{"href":"https:\/\/www.comll.cat\/es\/wp-json\/wp\/v2\/tribe_events\/3426","targetHints":{"allow":["GET"]}}],"collection":[{"href":"https:\/\/www.comll.cat\/es\/wp-json\/wp\/v2\/tribe_events"}],"about":[{"href":"https:\/\/www.comll.cat\/es\/wp-json\/wp\/v2\/types\/tribe_events"}],"author":[{"embeddable":true,"href":"https:\/\/www.comll.cat\/es\/wp-json\/wp\/v2\/users\/1"}],"version-history":[{"count":0,"href":"https:\/\/www.comll.cat\/es\/wp-json\/wp\/v2\/tribe_events\/3426\/revisions"}],"wp:featuredmedia":[{"embeddable":true,"href":"https:\/\/www.comll.cat\/es\/wp-json\/wp\/v2\/media\/3427"}],"wp:attachment":[{"href":"https:\/\/www.comll.cat\/es\/wp-json\/wp\/v2\/media?parent=3426"}],"wp:term":[{"taxonomy":"post_tag","embeddable":true,"href":"https:\/\/www.comll.cat\/es\/wp-json\/wp\/v2\/tags?post=3426"},{"taxonomy":"tribe_events_cat","embeddable":true,"href":"https:\/\/www.comll.cat\/es\/wp-json\/wp\/v2\/tribe_events_cat?post=3426"}],"curies":[{"name":"wp","href":"https:\/\/api.w.org\/{rel}","templated":true}]}}