{"id":2168,"date":"2019-12-23T17:06:39","date_gmt":"2019-12-23T16:06:39","guid":{"rendered":"https:\/\/www.comll.cat\/agenda\/iii-curso-de-actualizacion-en-psiquiatria-la-comorbilidad-medica-las-nuevas-tecnologias-y-el-abordaje-multidisciplinar-3-de-8\/"},"modified":"2019-12-23T17:06:39","modified_gmt":"2019-12-23T16:06:39","slug":"iii-curso-de-actualizacion-en-psiquiatria-la-comorbilidad-medica-las-nuevas-tecnologias-y-el-abordaje-multidisciplinar-3-de-8","status":"publish","type":"tribe_events","link":"https:\/\/www.comll.cat\/es\/agenda\/iii-curso-de-actualizacion-en-psiquiatria-la-comorbilidad-medica-las-nuevas-tecnologias-y-el-abordaje-multidisciplinar-3-de-8\/","title":{"rendered":"III Curso de Actualizaci\u00f3n en Psiquiatr\u00eda. La comorbilidad m\u00e9dica, las nuevas tecnolog\u00edas y el abordaje multidisciplinar (3 de 8)"},"content":{"rendered":"<div class=\"page\" title=\"Page 1\">\n<div class=\"section\">\n<div class=\"layoutArea\">\n<div class=\"column\">\n<p><a href=\"https:\/\/www.comll.cat\/streaming-iii-curso-de-actualizacion-en-psiquiatria-la-comorbilidad-medica-las-nuevas-tecnologias-y-el-abordaje-multidisciplinar\/\"><img loading=\"lazy\" decoding=\"async\" class=\"alignnone wp-image-14951\" src=\"https:\/\/www.comll.cat\/wp-content\/uploads\/sites\/3\/streaming.jpg\" alt=\"streaming\" width=\"200\" height=\"131\" \/><\/a><\/p>\n<p><strong>11\/02\/2020<\/strong><\/p>\n<p>Dra. Pilar Gil Villar: \u201cAlteraciones del \u00e1nimo y conductuales asociadas a la<\/p>\n<p>Enfermedad de Parkinson\u201d. Neur\u00f3loga<\/p>\n<p>Clica <a href=\"https:\/\/www.comll.cat\/iii-curso-de-actualizacion-en-psiquiatria-la-comorbilidad-medica-las-nuevas-tecnologias-y-el-abordaje-multidisciplinar\/\">AQU\u00cd<\/a>\u00a0para ver todo el programa del curso y para inscribirte.<\/p>\n<p>Clica <a href=\"https:\/\/www.comll.cat\/iii-curso-de-actualizacion-en-psiquiatria-la-comorbilidad-medica-las-nuevas-tecnologias-y-el-abordaje-multidisciplinar\/\">AQU\u00cd<\/a> per veure tot el programa del curs i per inscriure\u2019t.<\/p>\n<\/div>\n<\/div>\n<\/div>\n<\/div>\n","protected":false},"excerpt":{"rendered":"<p>11\/02\/2020 Dra. Pilar Gil Villar: \u201cAlteraciones del \u00e1nimo y conductuales asociadas a la Enfermedad de Parkinson\u201d. Neur\u00f3loga Clica AQU\u00cd\u00a0para ver...<\/p>\n","protected":false},"author":1,"featured_media":2166,"template":"","meta":{"_acf_changed":false,"inline_featured_image":false,"_tribe_events_status":"","_tribe_events_status_reason":"","_tribe_events_is_hybrid":"","_tribe_events_is_virtual":"","_tribe_events_virtual_video_source":"","_tribe_events_virtual_embed_video":"","_tribe_events_virtual_linked_button_text":"","_tribe_events_virtual_linked_button":"","_tribe_events_virtual_show_embed_at":"","_tribe_events_virtual_show_embed_to":[],"_tribe_events_virtual_show_on_event":"","_tribe_events_virtual_show_on_views":"","_tribe_events_virtual_url":"","footnotes":""},"tags":[],"tribe_events_cat":[137],"class_list":["post-2168","tribe_events","type-tribe_events","status-publish","has-post-thumbnail","hentry","tribe_events_cat-formacio","cat_formacio"],"acf":[],"yoast_head":"<!-- This site is optimized with the Yoast SEO plugin v27.5 - https:\/\/yoast.com\/product\/yoast-seo-wordpress\/ -->\n<title>III Curso de Actualizaci\u00f3n en Psiquiatr\u00eda. La comorbilidad m\u00e9dica, las nuevas tecnolog\u00edas y el abordaje multidisciplinar (3 de 8) - Col\u00b7legi Oficial de Metges de Lleida<\/title>\n<meta name=\"robots\" content=\"index, follow, max-snippet:-1, max-image-preview:large, max-video-preview:-1\" \/>\n<link rel=\"canonical\" href=\"https:\/\/www.comll.cat\/es\/agenda\/iii-curso-de-actualizacion-en-psiquiatria-la-comorbilidad-medica-las-nuevas-tecnologias-y-el-abordaje-multidisciplinar-3-de-8\/\" \/>\n<meta property=\"og:locale\" content=\"es_ES\" \/>\n<meta property=\"og:type\" content=\"article\" \/>\n<meta property=\"og:title\" content=\"III Curso de Actualizaci\u00f3n en Psiquiatr\u00eda. La comorbilidad m\u00e9dica, las nuevas tecnolog\u00edas y el abordaje multidisciplinar (3 de 8) - Col\u00b7legi Oficial de Metges de Lleida\" \/>\n<meta property=\"og:description\" content=\"11\/02\/2020 Dra. Pilar Gil Villar: \u201cAlteraciones del \u00e1nimo y conductuales asociadas a la Enfermedad de Parkinson\u201d. Neur\u00f3loga Clica AQU\u00cd\u00a0para ver...\" \/>\n<meta property=\"og:url\" content=\"https:\/\/www.comll.cat\/es\/agenda\/iii-curso-de-actualizacion-en-psiquiatria-la-comorbilidad-medica-las-nuevas-tecnologias-y-el-abordaje-multidisciplinar-3-de-8\/\" \/>\n<meta property=\"og:site_name\" content=\"Col\u00b7legi Oficial de Metges de Lleida\" \/>\n<meta property=\"og:image\" content=\"https:\/\/www.comll.cat\/es\/wp-content\/uploads\/sites\/3\/streaming.jpg\" \/>\n\t<meta property=\"og:image:width\" content=\"798\" \/>\n\t<meta property=\"og:image:height\" content=\"524\" \/>\n\t<meta property=\"og:image:type\" content=\"image\/jpeg\" \/>\n<meta name=\"twitter:card\" content=\"summary_large_image\" \/>\n<script type=\"application\/ld+json\" class=\"yoast-schema-graph\">{\"@context\":\"https:\\\/\\\/schema.org\",\"@graph\":[{\"@type\":\"WebPage\",\"@id\":\"https:\\\/\\\/www.comll.cat\\\/es\\\/agenda\\\/iii-curso-de-actualizacion-en-psiquiatria-la-comorbilidad-medica-las-nuevas-tecnologias-y-el-abordaje-multidisciplinar-3-de-8\\\/\",\"url\":\"https:\\\/\\\/www.comll.cat\\\/es\\\/agenda\\\/iii-curso-de-actualizacion-en-psiquiatria-la-comorbilidad-medica-las-nuevas-tecnologias-y-el-abordaje-multidisciplinar-3-de-8\\\/\",\"name\":\"III Curso de Actualizaci\u00f3n en Psiquiatr\u00eda. La comorbilidad m\u00e9dica, las nuevas tecnolog\u00edas y el abordaje multidisciplinar (3 de 8) - Col\u00b7legi Oficial de Metges de Lleida\",\"isPartOf\":{\"@id\":\"https:\\\/\\\/www.comll.cat\\\/es\\\/#website\"},\"primaryImageOfPage\":{\"@id\":\"https:\\\/\\\/www.comll.cat\\\/es\\\/agenda\\\/iii-curso-de-actualizacion-en-psiquiatria-la-comorbilidad-medica-las-nuevas-tecnologias-y-el-abordaje-multidisciplinar-3-de-8\\\/#primaryimage\"},\"image\":{\"@id\":\"https:\\\/\\\/www.comll.cat\\\/es\\\/agenda\\\/iii-curso-de-actualizacion-en-psiquiatria-la-comorbilidad-medica-las-nuevas-tecnologias-y-el-abordaje-multidisciplinar-3-de-8\\\/#primaryimage\"},\"thumbnailUrl\":\"https:\\\/\\\/www.comll.cat\\\/es\\\/wp-content\\\/uploads\\\/sites\\\/3\\\/streaming.jpg\",\"datePublished\":\"2019-12-23T16:06:39+00:00\",\"breadcrumb\":{\"@id\":\"https:\\\/\\\/www.comll.cat\\\/es\\\/agenda\\\/iii-curso-de-actualizacion-en-psiquiatria-la-comorbilidad-medica-las-nuevas-tecnologias-y-el-abordaje-multidisciplinar-3-de-8\\\/#breadcrumb\"},\"inLanguage\":\"es\",\"potentialAction\":[{\"@type\":\"ReadAction\",\"target\":[\"https:\\\/\\\/www.comll.cat\\\/es\\\/agenda\\\/iii-curso-de-actualizacion-en-psiquiatria-la-comorbilidad-medica-las-nuevas-tecnologias-y-el-abordaje-multidisciplinar-3-de-8\\\/\"]}]},{\"@type\":\"ImageObject\",\"inLanguage\":\"es\",\"@id\":\"https:\\\/\\\/www.comll.cat\\\/es\\\/agenda\\\/iii-curso-de-actualizacion-en-psiquiatria-la-comorbilidad-medica-las-nuevas-tecnologias-y-el-abordaje-multidisciplinar-3-de-8\\\/#primaryimage\",\"url\":\"https:\\\/\\\/www.comll.cat\\\/es\\\/wp-content\\\/uploads\\\/sites\\\/3\\\/streaming.jpg\",\"contentUrl\":\"https:\\\/\\\/www.comll.cat\\\/es\\\/wp-content\\\/uploads\\\/sites\\\/3\\\/streaming.jpg\",\"width\":798,\"height\":524},{\"@type\":\"BreadcrumbList\",\"@id\":\"https:\\\/\\\/www.comll.cat\\\/es\\\/agenda\\\/iii-curso-de-actualizacion-en-psiquiatria-la-comorbilidad-medica-las-nuevas-tecnologias-y-el-abordaje-multidisciplinar-3-de-8\\\/#breadcrumb\",\"itemListElement\":[{\"@type\":\"ListItem\",\"position\":1,\"name\":\"Portada\",\"item\":\"https:\\\/\\\/www.comll.cat\\\/es\\\/\"},{\"@type\":\"ListItem\",\"position\":2,\"name\":\"Eventos\",\"item\":\"https:\\\/\\\/www.comll.cat\\\/es\\\/agenda-c\\\/\"},{\"@type\":\"ListItem\",\"position\":3,\"name\":\"III Curso de Actualizaci\u00f3n en Psiquiatr\u00eda. La comorbilidad m\u00e9dica, las nuevas tecnolog\u00edas y el abordaje multidisciplinar (3 de 8)\"}]},{\"@type\":\"WebSite\",\"@id\":\"https:\\\/\\\/www.comll.cat\\\/es\\\/#website\",\"url\":\"https:\\\/\\\/www.comll.cat\\\/es\\\/\",\"name\":\"Col\u00b7legi Oficial de Metges de Lleida\",\"description\":\"COMLL\",\"potentialAction\":[{\"@type\":\"SearchAction\",\"target\":{\"@type\":\"EntryPoint\",\"urlTemplate\":\"https:\\\/\\\/www.comll.cat\\\/es\\\/?s={search_term_string}\"},\"query-input\":{\"@type\":\"PropertyValueSpecification\",\"valueRequired\":true,\"valueName\":\"search_term_string\"}}],\"inLanguage\":\"es\"}]}<\/script>\n<!-- \/ Yoast SEO plugin. -->","yoast_head_json":{"title":"III Curso de Actualizaci\u00f3n en Psiquiatr\u00eda. La comorbilidad m\u00e9dica, las nuevas tecnolog\u00edas y el abordaje multidisciplinar (3 de 8) - Col\u00b7legi Oficial de Metges de Lleida","robots":{"index":"index","follow":"follow","max-snippet":"max-snippet:-1","max-image-preview":"max-image-preview:large","max-video-preview":"max-video-preview:-1"},"canonical":"https:\/\/www.comll.cat\/es\/agenda\/iii-curso-de-actualizacion-en-psiquiatria-la-comorbilidad-medica-las-nuevas-tecnologias-y-el-abordaje-multidisciplinar-3-de-8\/","og_locale":"es_ES","og_type":"article","og_title":"III Curso de Actualizaci\u00f3n en Psiquiatr\u00eda. La comorbilidad m\u00e9dica, las nuevas tecnolog\u00edas y el abordaje multidisciplinar (3 de 8) - Col\u00b7legi Oficial de Metges de Lleida","og_description":"11\/02\/2020 Dra. Pilar Gil Villar: \u201cAlteraciones del \u00e1nimo y conductuales asociadas a la Enfermedad de Parkinson\u201d. Neur\u00f3loga Clica AQU\u00cd\u00a0para ver...","og_url":"https:\/\/www.comll.cat\/es\/agenda\/iii-curso-de-actualizacion-en-psiquiatria-la-comorbilidad-medica-las-nuevas-tecnologias-y-el-abordaje-multidisciplinar-3-de-8\/","og_site_name":"Col\u00b7legi Oficial de Metges de Lleida","og_image":[{"width":798,"height":524,"url":"https:\/\/www.comll.cat\/es\/wp-content\/uploads\/sites\/3\/streaming.jpg","type":"image\/jpeg"}],"twitter_card":"summary_large_image","schema":{"@context":"https:\/\/schema.org","@graph":[{"@type":"WebPage","@id":"https:\/\/www.comll.cat\/es\/agenda\/iii-curso-de-actualizacion-en-psiquiatria-la-comorbilidad-medica-las-nuevas-tecnologias-y-el-abordaje-multidisciplinar-3-de-8\/","url":"https:\/\/www.comll.cat\/es\/agenda\/iii-curso-de-actualizacion-en-psiquiatria-la-comorbilidad-medica-las-nuevas-tecnologias-y-el-abordaje-multidisciplinar-3-de-8\/","name":"III Curso de Actualizaci\u00f3n en Psiquiatr\u00eda. La comorbilidad m\u00e9dica, las nuevas tecnolog\u00edas y el abordaje multidisciplinar (3 de 8) - Col\u00b7legi Oficial de Metges de Lleida","isPartOf":{"@id":"https:\/\/www.comll.cat\/es\/#website"},"primaryImageOfPage":{"@id":"https:\/\/www.comll.cat\/es\/agenda\/iii-curso-de-actualizacion-en-psiquiatria-la-comorbilidad-medica-las-nuevas-tecnologias-y-el-abordaje-multidisciplinar-3-de-8\/#primaryimage"},"image":{"@id":"https:\/\/www.comll.cat\/es\/agenda\/iii-curso-de-actualizacion-en-psiquiatria-la-comorbilidad-medica-las-nuevas-tecnologias-y-el-abordaje-multidisciplinar-3-de-8\/#primaryimage"},"thumbnailUrl":"https:\/\/www.comll.cat\/es\/wp-content\/uploads\/sites\/3\/streaming.jpg","datePublished":"2019-12-23T16:06:39+00:00","breadcrumb":{"@id":"https:\/\/www.comll.cat\/es\/agenda\/iii-curso-de-actualizacion-en-psiquiatria-la-comorbilidad-medica-las-nuevas-tecnologias-y-el-abordaje-multidisciplinar-3-de-8\/#breadcrumb"},"inLanguage":"es","potentialAction":[{"@type":"ReadAction","target":["https:\/\/www.comll.cat\/es\/agenda\/iii-curso-de-actualizacion-en-psiquiatria-la-comorbilidad-medica-las-nuevas-tecnologias-y-el-abordaje-multidisciplinar-3-de-8\/"]}]},{"@type":"ImageObject","inLanguage":"es","@id":"https:\/\/www.comll.cat\/es\/agenda\/iii-curso-de-actualizacion-en-psiquiatria-la-comorbilidad-medica-las-nuevas-tecnologias-y-el-abordaje-multidisciplinar-3-de-8\/#primaryimage","url":"https:\/\/www.comll.cat\/es\/wp-content\/uploads\/sites\/3\/streaming.jpg","contentUrl":"https:\/\/www.comll.cat\/es\/wp-content\/uploads\/sites\/3\/streaming.jpg","width":798,"height":524},{"@type":"BreadcrumbList","@id":"https:\/\/www.comll.cat\/es\/agenda\/iii-curso-de-actualizacion-en-psiquiatria-la-comorbilidad-medica-las-nuevas-tecnologias-y-el-abordaje-multidisciplinar-3-de-8\/#breadcrumb","itemListElement":[{"@type":"ListItem","position":1,"name":"Portada","item":"https:\/\/www.comll.cat\/es\/"},{"@type":"ListItem","position":2,"name":"Eventos","item":"https:\/\/www.comll.cat\/es\/agenda-c\/"},{"@type":"ListItem","position":3,"name":"III Curso de Actualizaci\u00f3n en Psiquiatr\u00eda. La comorbilidad m\u00e9dica, las nuevas tecnolog\u00edas y el abordaje multidisciplinar (3 de 8)"}]},{"@type":"WebSite","@id":"https:\/\/www.comll.cat\/es\/#website","url":"https:\/\/www.comll.cat\/es\/","name":"Col\u00b7legi Oficial de Metges de Lleida","description":"COMLL","potentialAction":[{"@type":"SearchAction","target":{"@type":"EntryPoint","urlTemplate":"https:\/\/www.comll.cat\/es\/?s={search_term_string}"},"query-input":{"@type":"PropertyValueSpecification","valueRequired":true,"valueName":"search_term_string"}}],"inLanguage":"es"}]}},"publishpress_future_workflow_manual_trigger":{"enabledWorkflows":[]},"_links":{"self":[{"href":"https:\/\/www.comll.cat\/es\/wp-json\/wp\/v2\/tribe_events\/2168","targetHints":{"allow":["GET"]}}],"collection":[{"href":"https:\/\/www.comll.cat\/es\/wp-json\/wp\/v2\/tribe_events"}],"about":[{"href":"https:\/\/www.comll.cat\/es\/wp-json\/wp\/v2\/types\/tribe_events"}],"author":[{"embeddable":true,"href":"https:\/\/www.comll.cat\/es\/wp-json\/wp\/v2\/users\/1"}],"version-history":[{"count":0,"href":"https:\/\/www.comll.cat\/es\/wp-json\/wp\/v2\/tribe_events\/2168\/revisions"}],"wp:featuredmedia":[{"embeddable":true,"href":"https:\/\/www.comll.cat\/es\/wp-json\/wp\/v2\/media\/2166"}],"wp:attachment":[{"href":"https:\/\/www.comll.cat\/es\/wp-json\/wp\/v2\/media?parent=2168"}],"wp:term":[{"taxonomy":"post_tag","embeddable":true,"href":"https:\/\/www.comll.cat\/es\/wp-json\/wp\/v2\/tags?post=2168"},{"taxonomy":"tribe_events_cat","embeddable":true,"href":"https:\/\/www.comll.cat\/es\/wp-json\/wp\/v2\/tribe_events_cat?post=2168"}],"curies":[{"name":"wp","href":"https:\/\/api.w.org\/{rel}","templated":true}]}}