{"id":211,"date":"2021-09-06T13:08:46","date_gmt":"2021-09-06T11:08:46","guid":{"rendered":"https:\/\/www.comll.cat\/?page_id=211"},"modified":"2024-08-28T15:40:04","modified_gmt":"2024-08-28T13:40:04","slug":"politica-de-privacidad","status":"publish","type":"page","link":"https:\/\/www.comll.cat\/es\/politica-de-privacidad\/","title":{"rendered":"Pol\u00edtica de privacidad"},"content":{"rendered":"\n<p class=\"p1\"><b>INFORMACI\u00d3N B\u00c1SICA SOBRE LA PROTECCI\u00d3N DE DATOS<\/b><\/p>\n\n\n\n<p><strong>Responsable<\/strong>: Colegio Oficial de M\u00e9dicos de Lleida (COMLL)<\/p>\n\n\n\n<p><strong>CIF<\/strong>: Q2566001-J<\/p>\n\n\n\n<p><strong>Datos de contacto con el Delegado de Protecci\u00f3n de Datos<\/strong>: <a href=\"mailto:dpo@comll.cat\">dpo@comll.cat<\/a><\/p>\n\n\n\n<p><strong>Finalidad<\/strong>: Ordenar, representar y defender la actividad profesional, velando por que la actuaci\u00f3n de los colegiados responda a los intereses y necesidades de la sociedad, en relaci\u00f3n con el ejercicio profesional y garantizando el cumplimiento de la buena pr\u00e1ctica y de las obligaciones deontol\u00f3gicas de la profesi\u00f3n, as\u00ed como evitando el intrusismo profesional.<\/p>\n\n\n\n<p><strong>Legitimaciones<\/strong>: Ley 7\/2006, de 31 de mayo, del ejercicio de profesiones tituladas y de los colegios profesionales. Comunidad Aut\u00f3noma de Catalu\u00f1a.<br>Estatutos del Colegio de M\u00e9dicos de Lleida, consentimiento inequ\u00edvoco, obligaciones legales, inter\u00e9s leg\u00edtimo y cumplimiento de intereses p\u00fablicos.<\/p>\n\n\n\n<p><strong>Destinatarios<\/strong>: COMLL s\u00f3lo comunicar\u00e1 sus datos con su consentimiento inequ\u00edvoco previo o en cumplimiento de obligaciones estatutarias y obligaciones legales.<\/p>\n\n\n\n<p><strong>Derechos<\/strong>: Acceder, rectificar y suprimir los datos, as\u00ed como otros derechos, tal y como se explica en la informaci\u00f3n adicional de la pol\u00edtica de protecci\u00f3n de datos.<\/p>\n\n\n\n<p><strong>INFORMACI\u00d3N ADICIONAL DE LA POL\u00cdTICA DE PROTECCI\u00d3N DE DATOS<\/strong><\/p>\n\n\n\n<p><strong>\u00bfQui\u00e9n es el Responsable del tratamiento de sus datos?<\/strong><\/p>\n\n\n\n<p><strong>Identidad<\/strong>: Colegio de M\u00e9dicos de M\u00e9dicos de Lleida (COMLL)<\/p>\n\n\n\n<p><strong>CIF<\/strong>: Q2566001-J<\/p>\n\n\n\n<p><strong>Direcci\u00f3n postal<\/strong>: Rambla d'Arag\u00f3, 14 - 25002 Lleida<\/p>\n\n\n\n<p><strong>Tel\u00e9fono<\/strong>: 973 270 811<\/p>\n\n\n\n<p><strong>Contacto del Delegado de Protecci\u00f3n de Datos<\/strong>: <a href=\"mailto:dpo@comll.cat\">dpo@comll.cat<\/a><\/p>\n\n\n\n<p><strong>\u00bfCon qu\u00e9 finalidad tratamos sus datos personales?<\/strong><\/p>\n\n\n\n<p>En el COMLL tratamos la informaci\u00f3n que nos facilita con la finalidad principal de ordenar, representar y defender la actividad profesional, velando para que la actuaci\u00f3n de los colegiados responda a los intereses y necesidades de la sociedad, en relaci\u00f3n con el ejercicio profesional y garantizando el cumplimiento de la buena pr\u00e1ctica y de las obligaciones deontol\u00f3gicas de la profesi\u00f3n, as\u00ed como evitando el intrusismo profesional.<\/p>\n\n\n\n<p>Las finalidades principales por las que podemos tratar sus datos, ya sea por cumplir con obligaciones estatutarias, obligaciones legales, intereses p\u00fablicos, intereses leg\u00edtimos o en base a su consentimiento, son la gesti\u00f3n de los datos relativos a:<\/p>\n\n\n\n<ul class=\"wp-block-list\"><li>La gesti\u00f3n de su incorporaci\u00f3n al colegio como persona colegiada, y para el ejercicio de los derechos y cumplimiento de las obligaciones que se deriven de esta incorporaci\u00f3n.<\/li><li>La gesti\u00f3n de cumplimiento de aquellas potestades p\u00fablicas fundamentalmente de identificaci\u00f3n de los socios exigidos en el arte. 8.4 de la Ley 2\/2007, de 15 de marzo, de sociedades profesionales,<\/li><li>Env\u00edo de informaci\u00f3n de inter\u00e9s colegial, y especialmente de los servicios que el colegio pone a disposici\u00f3n de las personas colegiadas.<\/li><li>La gesti\u00f3n por el uso de los servicios que el colegio ofrece a las personas colegiadas,<\/li><li>La gesti\u00f3n y comunicaci\u00f3n de las actividades formativas, en cumplimiento de la obligaci\u00f3n p\u00fablica de promoci\u00f3n de la formaci\u00f3n continuada de las personas colegiadas.<\/li><li>La gesti\u00f3n relativa a la biblioteca y al centro de documentaci\u00f3n del COMLL,<\/li><li>La gesti\u00f3n deontol\u00f3gica, la relativa a quejas, denuncias y sanciones profesionales.<\/li><li>La gesti\u00f3n de las solicitudes de informaci\u00f3n y sugerencias.<\/li><li>La realizaci\u00f3n de todos los procedimientos necesarios para el control y gesti\u00f3n del registro de entrada y salida de documentos y distribuci\u00f3n de la documentaci\u00f3n en los departamentos correspondientes,<\/li><li>La gesti\u00f3n y organizaci\u00f3n de actividades culturales, realizaci\u00f3n de talleres y otorgamiento y entrega de premios,<\/li><li>La organizaci\u00f3n, comunicaci\u00f3n y celebraci\u00f3n de eventos, ferias, congresos y similares,<\/li><li>La gesti\u00f3n relacionada con las revistas y publicaciones, y su recepci\u00f3n por parte de las personas colegiadas.<\/li><li>La gesti\u00f3n y control de los datos del archivo hist\u00f3rico del colegio,<\/li><li>La gesti\u00f3n de los datos derivados de la pol\u00edtica de calidad de la Corporaci\u00f3n, quejas, reclamaciones y sugerencias con el fin de mejorar los servicios y la atenci\u00f3n a las personas colegiadas, y apoyar las gestiones integrales de los servicios colegiales .<\/li><li>La organizaci\u00f3n, comunicaci\u00f3n y celebraci\u00f3n de eventos, ferias, congresos y similares.<\/li><li>La gesti\u00f3n e incorporaci\u00f3n en el servicio de Bolsa de trabajo.<\/li><li>Y en definitiva, para resolver todas aquellas cuestiones que le sean sometidas.<\/li><\/ul>\n\n\n\n<p class=\"p3\">Le informamos que para los tratamientos que requieren de su consentimiento y por tanto, tratamientos de datos de los colegiados que no sean necesarios para dar cumplimiento a obligaciones contractuales, estatutarias o legales, para garantizar intereses p\u00fablicos, vitales o legales o para tratar las datos en base a intereses leg\u00edtimos del COMLL debidamente ponderados por no vulnerar derechos y libertades de los interesados; los colegiados, en cualquier momento pueden modular y revocar el consentimiento para estos tratamientos, como por ejemplo comunicaciones de servicios o actividades de los diferentes \u00f3rganos del COMLL, a trav\u00e9s del correo electr\u00f3nico <a href=\"mailto:dpo@comll.cat\"><span class=\"s2\">dpo@comll.cat<\/span><\/a>.<span class=\"Apple-converted-space\">&nbsp;<\/span>No se tomar\u00e1n decisiones automatizadas sobre la base de este perfil sin su previo e informado consentimiento en los casos en que la base de legitimaci\u00f3n sea su consentimiento.<\/p>\n\n\n\n<p><strong>\u00bfPor cu\u00e1nto tiempo conservaremos sus datos?<\/strong><\/p>\n\n\n\n<p>Seg\u00fan la normativa de protecci\u00f3n de datos, los datos personales se conservar\u00e1n hasta que sean necesarios para la finalidad del tratamiento y posteriormente se conservar\u00e1n debidamente bloqueados mientras sean necesarios, a disposici\u00f3n exclusiva de Jueces y Tribunales, el Ministerio Fiscal o las Administraciones P\u00fablicas competentes, por poder atender a posibles responsabilidades nacidas del tratamiento hasta finalizar los plazos de prescripciones legales establecidos en la normativa vigente.<\/p>\n\n\n\n<p><strong>\u00bfCu\u00e1l es la legitimaci\u00f3n para el tratamiento de sus datos?<\/strong><\/p>\n\n\n\n<p>La base de legitimaci\u00f3n para el tratamiento de sus datos es la vinculaci\u00f3n como colegiado al COMLL en cumplimiento de sus obligaciones estatutarias y legales. La base de legitimaci\u00f3n para el tratamiento de sus datos para la finalidad de enviarle informaci\u00f3n de actividades, servicios y eventos del COMLL que puedan ser de su inter\u00e9s y que no sea necesario para dar cumplimiento a obligaciones contractuales, estatutarias o legales, para garantizar intereses p\u00fablicos, vitales o legales o para tratar los datos en base a intereses leg\u00edtimos del COMLL debidamente ponderados por no vulnerar derechos y libertades de los interesados, es la aportaci\u00f3n del consentimiento sin que en ning\u00fan caso la retirada de este consentimiento condicione el tratamiento de los datos en base a las obligaciones legales y estatutarias como colegiado.<\/p>\n\n\n\n<p><strong>\u00bfQui\u00e9nes son los destinatarios de sus datos?<\/strong><\/p>\n\n\n\n<p>Por lo general, COMLL no ceder\u00e1 los datos personales a terceras partes, excepto en aquellas situaciones en que se puedan ceder a proveedores con el fin de gestionar la prestaci\u00f3n de los servicios, la relaci\u00f3n contractual y\/o precontractual con los interesados \u200b\u200bo tramitar solicitudes formuladas por \u00e9stos.<\/p>\n\n\n\n<p>COMLL procura garantizar la seguridad de los datos personales cuando se env\u00edan fuera de la empresa y se asegura que los terceros proveedores de servicios respeten la confidencialidad y cuenten con las medidas adecuadas para proteger sus datos personales. Estos terceros tienen la obligaci\u00f3n de garantizar que la informaci\u00f3n se trata conforme a la normativa de privacidad de datos.<\/p>\n\n\n\n<p>COMLL utiliza los siguientes proveedores, que pueden tener acceso a sus datos personales:<\/p>\n\n\n\n<ul class=\"ul1 wp-block-list\"><li>Programa de gesti\u00f3n colegial: GESCOL (PKF ATTEST SERVICIOS PROFESIONALES, S.L.). Puede consultar su pol\u00edtica de privacidad en <a href=\"https:\/\/www.pkf-attest.es\/politica-de-privacidad\/\"><span class=\"s2\">https:\/\/www.pkf-attest.es\/politica-de-privacidad\/<\/span><\/a><span class=\"s2\">&nbsp;<\/span><\/li><li>Proveedores de Hosting: <ul class=\"ul1\"><li>Nearcrumbs (nearCrumbs, S.L.). Puede consultar su pol\u00edtica de privacidad en <a href=\"https:\/\/www.nearcrumbs.com\/es\/politica-de-privacidad\/\"><span class=\"s2\">https:\/\/www.nearcrumbs.com\/es\/politica-de-privacidad\/<\/span><\/a><span class=\"s2\">&nbsp;<\/span><\/li><li>Communikt: Puede consultar su pol\u00edtica de privacidad en <a href=\"https:\/\/communikt.com\/politica-privacidad-aviso-lega\"><span class=\"s2\">https:\/\/communikt.com\/politica-privacidad-aviso-lega<\/span><\/a><span class=\"s2\">&nbsp;<\/span> <\/li><\/ul><\/li><li>Proveedores de servicios de pago: Stripe. Puede consultar su pol\u00edtica de privacidad en<span class=\"Apple-converted-space\">&nbsp; <\/span><a href=\"https:\/\/stripe.com\/es\/privacy\"><span class=\"s2\">https:\/\/stripe.com\/es\/privacy<\/span><\/a><span class=\"s2\">&nbsp;<\/span><\/li><\/ul>\n\n\n\n<p><strong>\u00bfQu\u00e9 datos personales tratamos?<\/strong><\/p>\n\n\n\n<p>Los datos que puede tratar el responsable de tratamiento incluye las siguientes categor\u00edas: datos de identificaci\u00f3n, c\u00f3digos o claves de identificaci\u00f3n, direcci\u00f3n postal o electr\u00f3nica, informaci\u00f3n comercial, datos econ\u00f3micos, circunstancias sociales, datos acad\u00e9micos y profesionales, datos de detalles de puesto de trabajo y de actividades profesionales, datos econ\u00f3micos, financieros, de mutualidades y de seguros.<\/p>\n\n\n\n<p><strong>\u00bfCu\u00e1les son sus derechos cuando nos facilita sus datos?<\/strong><\/p>\n\n\n\n<ul class=\"wp-block-list\"><li>Cualquier persona tiene derecho a obtener confirmaci\u00f3n sobre si COMLL estamos tratando datos personales que le conciernan, o no.<\/li><li>Las personas interesadas tienen derecho a acceder a sus datos personales, as\u00ed como a solicitar la rectificaci\u00f3n de los datos inexactos o, en su caso, solicitar su supresi\u00f3n cuando, entre otros motivos, los datos ya no sean necesarios para las finalidades que fueron recogidas.<\/li><li>En determinadas circunstancias, los interesados \u200b\u200bpodr\u00e1n solicitar la limitaci\u00f3n del tratamiento de sus datos, en cuyo caso \u00fanicamente los conservaremos para el ejercicio o la defensa de reclamaciones.<\/li><li>En determinadas circunstancias y por motivos relacionados con su situaci\u00f3n particular, los interesados \u200b\u200bpodr\u00e1n oponerse al tratamiento de sus datos. COMLL dejar\u00e1 de tratar los datos, excepto por motivos leg\u00edtimos imperiosos, o el ejercicio o la defensa de posibles reclamaciones.<\/li><li>Los interesados \u200b\u200bpodr\u00e1n solicitar la portabilidad de sus datos en soporte automatizado a otro responsable en los supuestos de tratamientos que permite el RGPD.<\/li><li>En el momento de la cancelaci\u00f3n de los datos, \u00fanicamente los conservaremos bloqueados en cumplimiento de obligaciones legales.<\/li><li>Sin perjuicio del ejercicio de su derecho ante el responsable de tratamiento, tambi\u00e9n puede presentar una reclamaci\u00f3n ante una autoridad de control.<\/li><\/ul>\n\n\n\n<p>Los datos que ha facilitado se tratar\u00e1n por el COMLL de acuerdo con las finalidades descritas en este documento, y en este sentido se le informa que podr\u00e1 ejercer, sus derechos de acceso, rectificaci\u00f3n o supresi\u00f3n, o la limitaci\u00f3n a su tratamiento, ya oponerse al tratamiento, as\u00ed como el derecho a la portabilidad de los datos en la siguiente direcci\u00f3n de correo electr\u00f3nico <a href=\"mailto:dpo@comll.cat\">dpo@comll.cat<\/a><\/p>\n\n\n\n<p class=\"p6\">Adem\u00e1s, puede presentar una reclamaci\u00f3n a la autoridad de control en materia de protecci\u00f3n de datos en caso de considerar que se est\u00e1n vulnerando sus derechos.<\/p>\n","protected":false},"excerpt":{"rendered":"<p>INFORMACI\u00d3N B\u00c1SICA SOBRE LA PROTECCI\u00d3N DE DATOS Responsable: Colegio Oficial de M\u00e9dicos de Lleida (COMLL) CIF: Q2566001-J Datos de contacto...<\/p>\n","protected":false},"author":1,"featured_media":0,"parent":0,"menu_order":0,"comment_status":"closed","ping_status":"closed","template":"","meta":{"_acf_changed":false,"inline_featured_image":false,"footnotes":""},"class_list":["post-211","page","type-page","status-publish","hentry"],"acf":[],"yoast_head":"<!-- This site is optimized with the Yoast SEO plugin v27.5 - https:\/\/yoast.com\/product\/yoast-seo-wordpress\/ -->\n<title>Pol\u00edtica de privacidad - Col\u00b7legi Oficial de Metges de Lleida<\/title>\n<meta name=\"robots\" content=\"noindex, follow\" \/>\n<meta property=\"og:locale\" content=\"es_ES\" \/>\n<meta property=\"og:type\" content=\"article\" \/>\n<meta property=\"og:title\" content=\"Pol\u00edtica de privacidad - Col\u00b7legi Oficial de Metges de Lleida\" \/>\n<meta property=\"og:description\" content=\"INFORMACI\u00d3N B\u00c1SICA SOBRE LA PROTECCI\u00d3N DE DATOS Responsable: Colegio Oficial de M\u00e9dicos de Lleida (COMLL) CIF: Q2566001-J Datos de contacto...\" \/>\n<meta property=\"og:url\" content=\"https:\/\/www.comll.cat\/es\/politica-de-privacidad\/\" \/>\n<meta property=\"og:site_name\" content=\"Col\u00b7legi Oficial de Metges de Lleida\" \/>\n<meta property=\"article:modified_time\" content=\"2024-08-28T13:40:04+00:00\" \/>\n<meta name=\"twitter:card\" content=\"summary_large_image\" \/>\n<script type=\"application\/ld+json\" class=\"yoast-schema-graph\">{\"@context\":\"https:\\\/\\\/schema.org\",\"@graph\":[{\"@type\":\"WebPage\",\"@id\":\"https:\\\/\\\/www.comll.cat\\\/es\\\/politica-de-privacidad\\\/\",\"url\":\"https:\\\/\\\/www.comll.cat\\\/es\\\/politica-de-privacidad\\\/\",\"name\":\"Pol\u00edtica de privacidad - Col\u00b7legi Oficial de Metges de Lleida\",\"isPartOf\":{\"@id\":\"https:\\\/\\\/www.comll.cat\\\/es\\\/#website\"},\"datePublished\":\"2021-09-06T11:08:46+00:00\",\"dateModified\":\"2024-08-28T13:40:04+00:00\",\"breadcrumb\":{\"@id\":\"https:\\\/\\\/www.comll.cat\\\/es\\\/politica-de-privacidad\\\/#breadcrumb\"},\"inLanguage\":\"es\",\"potentialAction\":[{\"@type\":\"ReadAction\",\"target\":[\"https:\\\/\\\/www.comll.cat\\\/es\\\/politica-de-privacidad\\\/\"]}]},{\"@type\":\"BreadcrumbList\",\"@id\":\"https:\\\/\\\/www.comll.cat\\\/es\\\/politica-de-privacidad\\\/#breadcrumb\",\"itemListElement\":[{\"@type\":\"ListItem\",\"position\":1,\"name\":\"Portada\",\"item\":\"https:\\\/\\\/www.comll.cat\\\/es\\\/\"},{\"@type\":\"ListItem\",\"position\":2,\"name\":\"Pol\u00edtica de privacidad\"}]},{\"@type\":\"WebSite\",\"@id\":\"https:\\\/\\\/www.comll.cat\\\/es\\\/#website\",\"url\":\"https:\\\/\\\/www.comll.cat\\\/es\\\/\",\"name\":\"Col\u00b7legi Oficial de Metges de Lleida\",\"description\":\"COMLL\",\"potentialAction\":[{\"@type\":\"SearchAction\",\"target\":{\"@type\":\"EntryPoint\",\"urlTemplate\":\"https:\\\/\\\/www.comll.cat\\\/es\\\/?s={search_term_string}\"},\"query-input\":{\"@type\":\"PropertyValueSpecification\",\"valueRequired\":true,\"valueName\":\"search_term_string\"}}],\"inLanguage\":\"es\"}]}<\/script>\n<!-- \/ Yoast SEO plugin. -->","yoast_head_json":{"title":"Pol\u00edtica de privacidad - Col\u00b7legi Oficial de Metges de Lleida","robots":{"index":"noindex","follow":"follow"},"og_locale":"es_ES","og_type":"article","og_title":"Pol\u00edtica de privacidad - Col\u00b7legi Oficial de Metges de Lleida","og_description":"INFORMACI\u00d3N B\u00c1SICA SOBRE LA PROTECCI\u00d3N DE DATOS Responsable: Colegio Oficial de M\u00e9dicos de Lleida (COMLL) CIF: Q2566001-J Datos de contacto...","og_url":"https:\/\/www.comll.cat\/es\/politica-de-privacidad\/","og_site_name":"Col\u00b7legi Oficial de Metges de Lleida","article_modified_time":"2024-08-28T13:40:04+00:00","twitter_card":"summary_large_image","schema":{"@context":"https:\/\/schema.org","@graph":[{"@type":"WebPage","@id":"https:\/\/www.comll.cat\/es\/politica-de-privacidad\/","url":"https:\/\/www.comll.cat\/es\/politica-de-privacidad\/","name":"Pol\u00edtica de privacidad - Col\u00b7legi Oficial de Metges de Lleida","isPartOf":{"@id":"https:\/\/www.comll.cat\/es\/#website"},"datePublished":"2021-09-06T11:08:46+00:00","dateModified":"2024-08-28T13:40:04+00:00","breadcrumb":{"@id":"https:\/\/www.comll.cat\/es\/politica-de-privacidad\/#breadcrumb"},"inLanguage":"es","potentialAction":[{"@type":"ReadAction","target":["https:\/\/www.comll.cat\/es\/politica-de-privacidad\/"]}]},{"@type":"BreadcrumbList","@id":"https:\/\/www.comll.cat\/es\/politica-de-privacidad\/#breadcrumb","itemListElement":[{"@type":"ListItem","position":1,"name":"Portada","item":"https:\/\/www.comll.cat\/es\/"},{"@type":"ListItem","position":2,"name":"Pol\u00edtica de privacidad"}]},{"@type":"WebSite","@id":"https:\/\/www.comll.cat\/es\/#website","url":"https:\/\/www.comll.cat\/es\/","name":"Col\u00b7legi Oficial de Metges de Lleida","description":"COMLL","potentialAction":[{"@type":"SearchAction","target":{"@type":"EntryPoint","urlTemplate":"https:\/\/www.comll.cat\/es\/?s={search_term_string}"},"query-input":{"@type":"PropertyValueSpecification","valueRequired":true,"valueName":"search_term_string"}}],"inLanguage":"es"}]}},"publishpress_future_workflow_manual_trigger":{"enabledWorkflows":[]},"_links":{"self":[{"href":"https:\/\/www.comll.cat\/es\/wp-json\/wp\/v2\/pages\/211","targetHints":{"allow":["GET"]}}],"collection":[{"href":"https:\/\/www.comll.cat\/es\/wp-json\/wp\/v2\/pages"}],"about":[{"href":"https:\/\/www.comll.cat\/es\/wp-json\/wp\/v2\/types\/page"}],"author":[{"embeddable":true,"href":"https:\/\/www.comll.cat\/es\/wp-json\/wp\/v2\/users\/1"}],"replies":[{"embeddable":true,"href":"https:\/\/www.comll.cat\/es\/wp-json\/wp\/v2\/comments?post=211"}],"version-history":[{"count":1,"href":"https:\/\/www.comll.cat\/es\/wp-json\/wp\/v2\/pages\/211\/revisions"}],"predecessor-version":[{"id":10084,"href":"https:\/\/www.comll.cat\/es\/wp-json\/wp\/v2\/pages\/211\/revisions\/10084"}],"wp:attachment":[{"href":"https:\/\/www.comll.cat\/es\/wp-json\/wp\/v2\/media?parent=211"}],"curies":[{"name":"wp","href":"https:\/\/api.w.org\/{rel}","templated":true}]}}