{"id":150,"date":"2021-09-06T10:57:42","date_gmt":"2021-09-06T08:57:42","guid":{"rendered":"https:\/\/www.comll.cat\/?page_id=150"},"modified":"2024-08-28T15:40:04","modified_gmt":"2024-08-28T13:40:04","slug":"informacion-sobre-el-coronavirus","status":"publish","type":"page","link":"https:\/\/www.comll.cat\/es\/informacion-sobre-el-coronavirus\/","title":{"rendered":"Informaci\u00f3n sobre el COVID-19"},"content":{"rendered":"\n<p><a href=\"https:\/\/www.comll.cat\/es\/alerta-2023007-vacunes-covid-19\/\"><strong>19\/01\/2023<\/strong>. ALERTA 2023007. D\u00e9cimonoveno informe de farmacovigilancia sobre las vacunas frente a la COVID-19<\/a><\/p>\n\n\n\n<p><a href=\"https:\/\/www.comll.cat\/wp-content\/uploads\/2022112-vacunes-covid-19.pdf\"><strong>01\/12\/2022.<\/strong> ALERTA 2022112. Decimoctavo informe de farmacovigilancia sobre las vacunas frente a la COVID-19<\/a><\/p>\n\n\n\n<p><a href=\"https:\/\/www.comll.cat\/es\/alerta-2022101-vacunes-arnm-covid-19\/\"><strong>28\/10\/2022.<\/strong> ALERTA 2022101. Vacunas de ARNm (Comirnaty i Spikevax) frente a la COVID-19 y riesgo de sangrado menstrual abundante<\/a><\/p>\n\n\n\n<p><a href=\"https:\/\/www.comll.cat\/wp-content\/uploads\/2022090-vacunes-covid-19-1.pdf\"><strong>29\/09\/2022.<\/strong> ALERTA 202290. Decimos\u00e9ptimo informe de farmacovigilancia sobre las vacunas frente a la COVID-19<\/a><\/p>\n\n\n\n<p><a href=\"https:\/\/www.comll.cat\/es\/wp-content\/uploads\/sites\/3\/2022075-vacunes-covid-19.pdf\"><strong>28\/07\/2022<\/strong>. Decimosexto informe de farmacovigilancia sobre las vacunas frente a la COVID-19<\/a><\/p>\n\n\n\n<p><a href=\"https:\/\/www.comll.cat\/es\/alerta-2022050-vacunes-covid-19\/\"><strong>25\/05\/2022<\/strong>. Decimoquinto informe de farmacovigilancia sobre las vacunas frente a la COVID-19<\/a><\/p>\n\n\n\n<p><a href=\"https:\/\/www.comll.cat\/wp-content\/uploads\/2020065-nova-actualitzacio-productes-sanitaris-i-covid19-12.pdf\"><strong>07\/04\/2022<\/strong>. ALERTA 2020065. Nueva actualizaci\u00f3n productos sanitarios y COVID-19<\/a><\/p>\n\n\n<p><a href=\"https:\/\/www.comll.cat\/es\/wp-content\/uploads\/sites\/3\/2022030-vacunes-covid-19.pdf\"><strong>28\/03\/2022.<\/strong> ALERTA 2020065. Nueva actualizaci\u00f3n productos sanitarios y COVID-19<\/a><\/p>\n\n\n<p><a href=\"https:\/\/www.comll.cat\/es\/alerta-2022030-vacunas-covid-19\/\"><strong>23\/03\/2022.<\/strong> Decimocuarto informe de farmacovigilancia sobre la vacunas frente a la COVID-19<\/a><\/p>\n\n\n\n<p><a href=\"https:\/\/www.comll.cat\/es\/alerta-2022022-vacunes-covid-19\/\"><strong>23\/02\/2022<\/strong><\/a><a href=\"https:\/\/www.comll.cat\/es\/alerta-2022022-vacunes-covid-19\/\">. Decimotercero informe de farmacovigilancia sobre las vacunas frente a la COVID-19<\/a><\/p>\n\n\n\n<p><a href=\"https:\/\/www.comll.cat\/wp-content\/uploads\/1457-ssp-rel-1377-nota-recomanacions-dosis-record-7-02-2022-v6.pdf\"><strong>07\/02\/2022<\/strong>. Nueva actualizaci\u00f3n Recomendaciones sobre la administraci\u00f3n de dosis adicionales de vacuna contra la Covid-19<\/a><\/p>\n\n\n\n<p><a href=\"https:\/\/www.comll.cat\/es\/2020065-nova-actualitzacio-productes-sanitaris-i-covid19\/\"><strong>02\/02\/2022.<\/strong> ALERTA 2020065. Nueva actualizaci\u00f3n productos sanitarios y Covid-19<\/a><\/p>\n\n\n\n<p><a href=\"https:\/\/www.comll.cat\/es\/alerta-2022006-vacunes-covid-19\/\"><strong>26\/01\/2022<\/strong>. Duod\u00e9cimo informe de farmacovigilancia sobre las vacunas contra la COVID-19<\/a><\/p>\n\n\n\n<p><a href=\"https:\/\/www.comll.cat\/es\/nota-vacunacio-covid-i-allergia-trometamol\/\"><strong>20\/01\/2022<\/strong>. Nota vacunaci\u00f3n Covid y alergia Trometamol<\/a><\/p>\n\n\n\n<p><a href=\"https:\/\/www.comll.cat\/wp-content\/uploads\/covid-19-actualizacion10-estrategiavacunacion.pdf\"><strong>04\/01\/2022.<\/strong> Actualizaci\u00f3n 10 Estrategia de Vacunaci\u00f3n del Ministerio de Sanidad<\/a><\/p>\n\n\n\n<p><a href=\"https:\/\/www.comll.cat\/es\/alerta-2021106-vacunas-covid-19\/\"><strong>21\/12\/2021<\/strong>. Und\u00e9cimo informe de farmacovigilancia sobre las vacunas contra la COVID-19<\/a><\/p>\n\n\n\n<p><a href=\"https:\/\/www.comll.cat\/wp-content\/uploads\/2021101-actualitzacio-vacunes-covid-19.pdf\"><strong>10\/12\/2021<\/strong>. Actualizaci\u00f3n sobre el riesgo de miocarditis y pericarditis con las vacunas de ARNm contra la COVID-19.<\/a><\/p>\n\n\n\n<p><a href=\"https:\/\/www.comll.cat\/wp-content\/uploads\/1377-ssp-nota-recomanacions-dosis-record-accessible-01-12-2021-actualtizacio.pdf\"><strong>01\/12\/202<\/strong><\/a><a href=\"https:\/\/www.comll.cat\/wp-content\/uploads\/1377-ssp-nota-recomanacions-dosis-record-accessible-01-12-2021-actualtizacio.pdf\"><strong>1<\/strong>. Actualizaci\u00f3n nota Recomendaciones sobre la administraci\u00f3n de dosis adicionales de vacuna contra la COVID-19<\/a><\/p>\n\n\n\n<p><a href=\"https:\/\/www.comll.cat\/wp-content\/uploads\/2021096-vacunes-covid-19.pdf\"><strong>25\/11\/2021<\/strong>. Informe de Farmacovigilancia sobre las vacunas COVID-19<\/a><\/p>\n\n\n\n<p><a href=\"https:\/\/portaldogc.gencat.cat\/utilsEADOP\/PDF\/8335\/1834595.pdf\" target=\"_blank\" rel=\"noopener\"><strong>08\/02\/2021.<\/strong> RESOLUCI\u00d3N SLT\/275\/2021, de 5 de febrero, por la que se prorrogan y se modifican las medidas en materia de salud p\u00fablica para la contenci\u00f3n del brote epid\u00e9mico de la pandemia de COVID-19 en el territorio de Catalu\u00f1a.<\/a><\/p>\n\n\n\n<p><a href=\"https:\/\/www.comll.cat\/wp-content\/uploads\/recomanacions-vacunacio-covid-19.pdf\"><strong>11\/01\/2021.<\/strong> Recomanacions de vacunaci\u00f3 contra la COVID-19.<\/a><\/p>\n\n\n\n<p><a href=\"https:\/\/portaldogc.gencat.cat\/utilsEADOP\/PDF\/8277\/1823181.pdf\"><strong>23\/11\/2020.<\/strong> RESOLUCI\u00d3 SLT\/2983\/2020, de 21 de novembre, per la qual es prorroguen i es modifiquen les mesures en mat\u00e8ria de salut p\u00fablica per a la contenci\u00f3 del brot epid\u00e8mic de la pand\u00e8mia de COVID-19 al territori de Catalunya.<\/a><\/p>\n\n\n\n<p><a href=\"https:\/\/portaldogc.gencat.cat\/utilsEADOP\/PDF\/8250\/1817682.pdf\"><strong>20\/10\/2020.<\/strong> RESOLUCI\u00d3 SLT\/2568\/2020, de 19 d'octubre, per la qual es modifica la Resoluci\u00f3 SLT\/2546\/2020, de 15 d'octubre, per la qual s'adopten noves mesures en mat\u00e8ria de salut p\u00fablica per a la contenci\u00f3 del brot epid\u00e8mic de la pand\u00e8mia de COVID-19 al territori de Catalunya.<\/a><\/p>\n\n\n\n<p><a href=\"https:\/\/portaldogc.gencat.cat\/utilsEADOP\/PDF\/8223\/1811843.pdf\"><strong>15<\/strong><strong>\/09\/2020.<\/strong> RESOLUCI\u00d3 SLT\/2207\/2020, de 10 de setembre, per la qual es prorroguen les mesures especials en mat\u00e8ria de salut p\u00fablica per a la contenci\u00f3 del brot epid\u00e8mic de la pand\u00e8mia de COVID-19 al territori de Catalunya.<\/a><\/p>\n\n\n\n<p><a href=\"https:\/\/www.comll.cat\/wp-content\/uploads\/decalogo-cast.pdf\"><strong>11\/06\/2020.<\/strong> Dec\u00e1logo para la reforma del sistema de salud de Catalu\u00f1a<\/a><\/p>\n\n\n\n<p><a href=\"https:\/\/www.comll.cat\/wp-content\/uploads\/ccmc-higene-es.pdf\"><strong>26\/05\/2020<\/strong>. Protocolo de higiene del lugar de trabajo. Dec\u00e1logo de actuaci\u00f3n<\/a><\/p>\n\n\n\n<p><a href=\"https:\/\/www.comll.cat\/wp-content\/uploads\/ccmc-aire-es.pdf\"><strong>26\/05\/2020<\/strong>. Sistemas de ventilaci\u00f3n y aire acondicionado. Recomendaciones generales.<\/a><\/p>\n\n\n\n<p><a href=\"https:\/\/www.comll.cat\/wp-content\/uploads\/consentimiento-y-telemedicina-covid-def-cast.pdf\"><strong>30\/04\/2020<\/strong>. Consideraciones deontol\u00f3gicas en relaci\u00f3n con informaci\u00f3n, consentimiento y consulta virtual durante la pandemia de covid-19<\/a><\/p>\n\n\n\n<p><a href=\"https:\/\/www.comll.cat\/wp-content\/uploads\/np-el-cgcom-se-personara-como-acusacion-particular-en-casos-derivados-mascarillas-defectuosas-19-04-2020-v3.pdf\"><strong>19\/04\/2020<\/strong>. NP el CGCOM se personara como acusaci\u00f3n particular en casos derivados mascarillas -defectuosas.19_04__2020 V3<\/a><\/p>\n\n\n\n<p><a href=\"https:\/\/www.comll.cat\/wp-content\/uploads\/np-cgcom-ante-coronavirus-11042020-pdf.pdf\"><strong>15\/05\/2020<\/strong>. Posicionamiento del CGCOM en relaci\u00f3n con la pandemia por Covid-19.<\/a><\/p>\n\n\n\n<p><a href=\"https:\/\/www.comll.cat\/wp-content\/uploads\/el-cgcom-se-personara-como-acusacion-particular-contra-el-horticultor-que-divulga-que-el-mms-puede-curar-la-infeccion-por-14-04-2020.pdf\"><strong>14\/04\/2020.<\/strong> El CGCOM se personar\u00e1 como acusaci\u00f3n particular contra el horticultor de Lleida que divulga que el MMS puede curar la infecci\u00f3n por coronavirus.<\/a><\/p>\n\n\n\n<p><a href=\"https:\/\/www.comll.cat\/wp-content\/uploads\/cfap-ap.pdf\"><strong>12\/04\/2020<\/strong>. Comunicado del foro de M\u00e9dicos de Atenci\u00f3n Primaria por el d\u00eda de la Atenci\u00f3n Primaria (12 de abril de 2020) <\/a><\/p>\n\n\n\n<p><a href=\"https:\/\/www.comll.cat\/es\/informe-juridic-del-comll-sobre-lobligacio-empresarial-de-facilitar-equips-de-proteccio-als-treballadors-i-lactuacio-daquests-en-la-seva-absencia\/\"><strong>9\/04\/2020<\/strong>. Informe jur\u00eddico del comll sobre la obligaci\u00f3n empresarial de facilitar equipos de protecci\u00f3n a los trabajadores, y la actuaci\u00f3n de estos en su ausencia.<\/a><\/p>\n\n\n\n<p><a href=\"https:\/\/www.comll.cat\/es\/informe-juridic-del-comll-sobre-la-consideracio-daccident-de-treball-del-periode-daillament-o-contagi-per-sars-cov-2\/\"><strong>9\/04\/2020<\/strong>. Informe jur\u00eddico del comll sobre consideraci\u00f3n de accidente de trabajo del per\u00edodo de confinamiento o contagio por SARS COV-2<\/a><\/p>\n\n\n\n<p><a href=\"https:\/\/www.comll.cat\/wp-content\/uploads\/np-conjunta-sanitarios-riesgo-elevado-4-04-2020.pdf\"><strong>4\/04\/2020<\/strong>. Comunicado de los Consejos Generales de Dentistas, Enfermeros, Farmac\u00e9uticos, M\u00e9dicos y Veterinarios, ante la pandemia del COVID-19<\/a><\/p>\n\n\n\n<p><a href=\"https:\/\/www.comll.cat\/es\/el-ccmc-denuncia-josep-pamies-per-promoure-el-producte-mms-com-a-tractament-de-la-covid-19-en-plena-emergencia-sanitaria\/\"><strong>3\/04\/2020<\/strong>. El CCMC denuncia Josep P\u00e0mies por promover el producto mms como tratamiento de la covid-19 en plena emergencia sanitaria<\/a><\/p>\n\n\n\n<p><a href=\"https:\/\/www.comll.cat\/wp-content\/uploads\/comunicado-cgcom-contractacion-mir-31-3-20.pdf\"><strong>31\/03\/2020<\/strong>. Comunicado CGCOM contractaci\u00f3n MIR 31-3-20<\/a><\/p>\n\n\n\n<p><a href=\"https:\/\/www.comll.cat\/wp-content\/uploads\/cmd-covid-cast.pdf\"><strong>30\/03\/2020<\/strong>. Consideraciones sobre las Certificaciones M\u00e9dicas de Defunci\u00f3n en la pandemia COVID-19.<\/a><\/p>\n\n\n\n<p><a href=\"https:\/\/www.comll.cat\/wp-content\/uploads\/comunicado-covid-19-cp-sanitarios-lleida-esp.pdf\"><strong>28\/03\/2020<\/strong>. Comunicado de los colegios profesionales de salud de Lleida sobre el riesgo de contagio de la covid-19.<\/a><\/p>\n\n\n\n<p><a href=\"https:\/\/www.comll.cat\/wp-content\/uploads\/comunicado-cgcom-28-3-2020.pdf\"><strong>28\/03\/2020<\/strong>. Comunicado del Consejo General de Colegios Oficiales de M\u00e9dicos de Espa\u00f1a (CGCOM)<\/a><\/p>\n\n\n\n<p><a href=\"https:\/\/www.comll.cat\/wp-content\/uploads\/np-cerfificaciones-de-defuncion-28032020.pdf\"><strong>28\/03\/2020<\/strong>. Comunicado del GCCOM sobre las Certificaciones de Defunci\u00f3n en general y en los casos con Covid-19.<\/a><\/p>\n\n\n\n<p><a href=\"https:\/\/www.comll.cat\/wp-content\/uploads\/comunicat-receta-electronica-profesiones-sanitarias-26-03-20.pdf\">Se habilita una versi\u00f3n simplificada del Sistema de Receta Electr\u00f3nica Privada para poder prescribir y dispensar durante el estado de alarma<\/a><\/p>\n\n\n\n<p><a href=\"https:\/\/www.comll.cat\/wp-content\/uploads\/comunicado-conjunto-profesiones-sanitarias-23032020.pdf\"><strong>23\/03\/2020<\/strong>. Comunicado de los consejos generales de dentistas, enfermeros, farmac\u00e9uticos, m\u00e9dicos y veterinarios, ante la pandemia del covid- 19.<\/a><\/p>\n\n\n\n<p><a href=\"https:\/\/www.comll.cat\/wp-content\/uploads\/dignificar-final-vida-cast.pdf\"><strong>23\/03\/2020<\/strong>. Dignificar la atenci\u00f3n a los mayores fr\u00e1giles y en final de vida en el entorno residencial durante la pandemia de covid-19<\/a><\/p>\n\n\n\n<p><a href=\"https:\/\/www.comll.cat\/comunicado-del-observatorio-de-genero-y-profesion-del-cgcom-en-relacion-a-las-medicas-gestantes-durante-la-pandemia-covid-19\/\"><strong>23\/03\/2020<\/strong>. Comunicado del Observatorio de G\u00e9nero y Profesi\u00f3n del CGCOM en relaci\u00f3n a las M\u00e9dicas Gestantes durante la pandemia COVID-19<\/a><\/p>\n\n\n\n<p><a href=\"https:\/\/www.comll.cat\/wp-content\/uploads\/coronavirus-n-p-comision-central-de-deontologia-en-relacion-a-la-priorizacion-de-las-decisiones-sobre-los-enfermos-23-03-20.pdf\"><strong>23\/03\/2020<\/strong>. Informe de la Comisi\u00f3n Central de Deontolog\u00eda en relaci\u00f3n a la priorizaci\u00f3n de las decisiones sobre los enfermos en estado cr\u00edtico en una cat\u00e1strofe sanitaria.<\/a><\/p>\n\n\n\n<p><a href=\"https:\/\/www.comll.cat\/es\/recomanacions-generals-relacionades-amb-les-decisions-etiques-dificils-i-l-adequacio-de-la-intensitat-assistencial-ingres-en-les-unitats-de-cures-intensives-en-situacions-excepcionals-de-cris\/\"><strong>20\/03\/2020<\/strong>. Recomendaciones generales relacionadas con las decisiones \u00e9ticas dif\u00edciles y la adecuaci\u00f3n de la intensidad asistencial \/ ingreso en las unidades de cuidados intensivos en situaciones excepcionales de crisis.<\/a><\/p>\n\n\n\n<p><a href=\"https:\/\/www.comll.cat\/es\/covid19-recomanacions-del-col%c2%b7legi-oficial-de-metges-de-lleida-en-relacio-a-l-exercici-en-el-sector-privat\/\"><strong>19\/03\/2020<\/strong>. Covid19 recomanaciones del Colegio Oficial de M\u00e9dicos de Lleida, en relaci\u00f3n con el ejercicio en el sector privado<\/a><\/p>\n\n\n\n<p><a href=\"https:\/\/www.comll.cat\/es\/el-consell-de-col%c2%b7legis-de-metges-de-catalunya-ccmc-reclama-que-la-prorroga-de-contractacio-dels-residents-dultim-any-a-causa-de-la-crisi-de-la-covid-19-es-faci-com-a-metges-adjunts\/\"><strong>18\/03\/2020<\/strong>. El Consejo de Colegios de M\u00e9dicos de Catalu\u00f1a (ccmc) reclama que la pr\u00f3rroga de contrataci\u00f3n de los residentes de \u00faltimo a\u00f1o, a causa de la crisis de la covid-19, se haga como m\u00e9dicos adjuntos o equivalente<\/a><\/p>\n\n\n\n<p><a href=\"https:\/\/www.comll.cat\/wp-content\/uploads\/resumen-prestaciones-extraordinarias-covid-19.pdf\"><strong>17\/03\/2020<\/strong>. Ampliaci\u00f3n extraordinaria de las prestaciones de conciliaci\u00f3n cat\u00e1logo 2020 durante la pandemia del covid-19.<\/a><\/p>\n\n\n\n<p><a href=\"https:\/\/www.comll.cat\/es\/ampliacio-de-la-cartera-de-serveis-de-la-fundacio-galatea\/\"><strong>16\/03\/2020<\/strong>. Ampliaci\u00f3n de la cartera de servicios de la fundaci\u00f3n Galatea<\/a><\/p>\n\n\n\n<p><a href=\"https:\/\/www.comll.cat\/es\/recomanacions-per-a-lexercici-privat-de-la-medicina-davant-la-pandemia-del-cov-19\/\">Recomendaciones para el ejercicio privado de la medicina ante la pandemia del cov-19<\/a><\/p>\n\n\n\n<p><a href=\"https:\/\/www.comll.cat\/wp-content\/uploads\/comunicado-cgcom-ante-pandemia-coronavirus-12-03-20.pdf\"><strong>12\/03\/2020<\/strong>. Comunicado del Consejo General de Colegios Oficiales de M\u00e9dicos de Espa\u00f1a ante la pandemia global de Coronavirus.<\/a><\/p>\n\n\n\n<p><span lang=\"es\"><a href=\"https:\/\/www.comll.cat\/es\/el-comll-tanca-lacces-presencial-a-la-seva-seu-i-suspen-activitats-pero-mante-el-funcionament-per-via-telefonica-i-telematica\/\"><strong>03\/12\/2020<\/strong>. El COMLL cierra el acceso presencial en su sede y suspende actividades, pero mantiene el funcionamiento por v\u00eda telef\u00f3nica y telem\u00e1tica.<\/a><\/span><\/p>\n\n\n\n<p><a href=\"https:\/\/www.comll.cat\/wp-content\/uploads\/n-p-cgcom-ante-coronavirus-06-03-20.pdf\"><strong>6\/03\/2020<\/strong>. Aportaciones del CGCOM ante la situaci\u00f3n del coronavirus (Covid-19)<\/a><\/p>\n\n\n\n<p><a href=\"https:\/\/www.comll.cat\/el-ccmc-recomienda-a-los-medicos-que-se-abstengan-de-participar-en-congresos-y-jornadas-donde-la-afluencia-sea-numerosa\/\"><strong>3\/03\/2020<\/strong>. El CCMC recomienda a los m\u00e9dicos que se abstengan de participar en congresos y jornadas donde la afluencia sea numerosa<\/a><\/p>\n\n\n\n<p><a href=\"https:\/\/www.comll.cat\/es\/protocol-dactuacio-a-catalunya-davant-de-casos-sospitosos-del-nou-coronavirus-2019-ncov\/\"><strong>26\/02\/2020<\/strong>. Protocol d\u2019actuaci\u00f3 a Catalunya davant de casos sospitosos del nou coronavirus 2019-nCoV<\/a><\/p>\n\n\n\n<p><a href=\"https:\/\/www.comll.cat\/wp-content\/uploads\/documento-informativo-coronavirus-05-02-20.pdf\">Informaci\u00f3n del CGCOM sobre el Coronavirus 2019-nCoV<\/a><\/p>\n","protected":false},"excerpt":{"rendered":"<p>19\/01\/2023. ALERTA 2023007. D\u00e9cimonoveno informe de farmacovigilancia sobre las vacunas frente a la COVID-19 01\/12\/2022. ALERTA 2022112. Decimoctavo informe de...<\/p>\n","protected":false},"author":1,"featured_media":41,"parent":0,"menu_order":0,"comment_status":"closed","ping_status":"closed","template":"","meta":{"_acf_changed":false,"inline_featured_image":false,"footnotes":""},"class_list":["post-150","page","type-page","status-publish","has-post-thumbnail","hentry"],"acf":[],"yoast_head":"<!-- This site is optimized with the Yoast SEO plugin v27.5 - https:\/\/yoast.com\/product\/yoast-seo-wordpress\/ -->\n<title>Informaci\u00f3n sobre el COVID-19 - Col\u00b7legi Oficial de Metges de Lleida<\/title>\n<meta name=\"robots\" content=\"index, follow, max-snippet:-1, max-image-preview:large, max-video-preview:-1\" \/>\n<link rel=\"canonical\" href=\"https:\/\/www.comll.cat\/es\/informacion-sobre-el-coronavirus\/\" \/>\n<meta property=\"og:locale\" content=\"es_ES\" \/>\n<meta property=\"og:type\" content=\"article\" \/>\n<meta property=\"og:title\" content=\"Informaci\u00f3n sobre el COVID-19 - Col\u00b7legi Oficial de Metges de Lleida\" \/>\n<meta property=\"og:description\" content=\"19\/01\/2023. ALERTA 2023007. D\u00e9cimonoveno informe de farmacovigilancia sobre las vacunas frente a la COVID-19 01\/12\/2022. ALERTA 2022112. Decimoctavo informe de...\" \/>\n<meta property=\"og:url\" content=\"https:\/\/www.comll.cat\/es\/informacion-sobre-el-coronavirus\/\" \/>\n<meta property=\"og:site_name\" content=\"Col\u00b7legi Oficial de Metges de Lleida\" \/>\n<meta property=\"article:modified_time\" content=\"2024-08-28T13:40:04+00:00\" \/>\n<meta property=\"og:image\" content=\"https:\/\/www.comll.cat\/es\/wp-content\/uploads\/sites\/3\/comll-collegi-noticies-covid-19-portada.jpg\" \/>\n\t<meta property=\"og:image:width\" content=\"2256\" \/>\n\t<meta property=\"og:image:height\" content=\"885\" \/>\n\t<meta property=\"og:image:type\" content=\"image\/jpeg\" \/>\n<meta name=\"twitter:card\" content=\"summary_large_image\" \/>\n<script type=\"application\/ld+json\" class=\"yoast-schema-graph\">{\"@context\":\"https:\\\/\\\/schema.org\",\"@graph\":[{\"@type\":\"WebPage\",\"@id\":\"https:\\\/\\\/www.comll.cat\\\/es\\\/informacion-sobre-el-coronavirus\\\/\",\"url\":\"https:\\\/\\\/www.comll.cat\\\/es\\\/informacion-sobre-el-coronavirus\\\/\",\"name\":\"Informaci\u00f3n sobre el COVID-19 - Col\u00b7legi Oficial de Metges de Lleida\",\"isPartOf\":{\"@id\":\"https:\\\/\\\/www.comll.cat\\\/es\\\/#website\"},\"primaryImageOfPage\":{\"@id\":\"https:\\\/\\\/www.comll.cat\\\/es\\\/informacion-sobre-el-coronavirus\\\/#primaryimage\"},\"image\":{\"@id\":\"https:\\\/\\\/www.comll.cat\\\/es\\\/informacion-sobre-el-coronavirus\\\/#primaryimage\"},\"thumbnailUrl\":\"https:\\\/\\\/www.comll.cat\\\/es\\\/wp-content\\\/uploads\\\/sites\\\/3\\\/comll-collegi-noticies-covid-19-portada.jpg\",\"datePublished\":\"2021-09-06T08:57:42+00:00\",\"dateModified\":\"2024-08-28T13:40:04+00:00\",\"breadcrumb\":{\"@id\":\"https:\\\/\\\/www.comll.cat\\\/es\\\/informacion-sobre-el-coronavirus\\\/#breadcrumb\"},\"inLanguage\":\"es\",\"potentialAction\":[{\"@type\":\"ReadAction\",\"target\":[\"https:\\\/\\\/www.comll.cat\\\/es\\\/informacion-sobre-el-coronavirus\\\/\"]}]},{\"@type\":\"ImageObject\",\"inLanguage\":\"es\",\"@id\":\"https:\\\/\\\/www.comll.cat\\\/es\\\/informacion-sobre-el-coronavirus\\\/#primaryimage\",\"url\":\"https:\\\/\\\/www.comll.cat\\\/es\\\/wp-content\\\/uploads\\\/sites\\\/3\\\/comll-collegi-noticies-covid-19-portada.jpg\",\"contentUrl\":\"https:\\\/\\\/www.comll.cat\\\/es\\\/wp-content\\\/uploads\\\/sites\\\/3\\\/comll-collegi-noticies-covid-19-portada.jpg\",\"width\":2256,\"height\":885},{\"@type\":\"BreadcrumbList\",\"@id\":\"https:\\\/\\\/www.comll.cat\\\/es\\\/informacion-sobre-el-coronavirus\\\/#breadcrumb\",\"itemListElement\":[{\"@type\":\"ListItem\",\"position\":1,\"name\":\"Portada\",\"item\":\"https:\\\/\\\/www.comll.cat\\\/es\\\/\"},{\"@type\":\"ListItem\",\"position\":2,\"name\":\"Informaci\u00f3n sobre el COVID-19\"}]},{\"@type\":\"WebSite\",\"@id\":\"https:\\\/\\\/www.comll.cat\\\/es\\\/#website\",\"url\":\"https:\\\/\\\/www.comll.cat\\\/es\\\/\",\"name\":\"Col\u00b7legi Oficial de Metges de Lleida\",\"description\":\"COMLL\",\"potentialAction\":[{\"@type\":\"SearchAction\",\"target\":{\"@type\":\"EntryPoint\",\"urlTemplate\":\"https:\\\/\\\/www.comll.cat\\\/es\\\/?s={search_term_string}\"},\"query-input\":{\"@type\":\"PropertyValueSpecification\",\"valueRequired\":true,\"valueName\":\"search_term_string\"}}],\"inLanguage\":\"es\"}]}<\/script>\n<!-- \/ Yoast SEO plugin. -->","yoast_head_json":{"title":"Informaci\u00f3n sobre el COVID-19 - Col\u00b7legi Oficial de Metges de Lleida","robots":{"index":"index","follow":"follow","max-snippet":"max-snippet:-1","max-image-preview":"max-image-preview:large","max-video-preview":"max-video-preview:-1"},"canonical":"https:\/\/www.comll.cat\/es\/informacion-sobre-el-coronavirus\/","og_locale":"es_ES","og_type":"article","og_title":"Informaci\u00f3n sobre el COVID-19 - Col\u00b7legi Oficial de Metges de Lleida","og_description":"19\/01\/2023. ALERTA 2023007. D\u00e9cimonoveno informe de farmacovigilancia sobre las vacunas frente a la COVID-19 01\/12\/2022. ALERTA 2022112. Decimoctavo informe de...","og_url":"https:\/\/www.comll.cat\/es\/informacion-sobre-el-coronavirus\/","og_site_name":"Col\u00b7legi Oficial de Metges de Lleida","article_modified_time":"2024-08-28T13:40:04+00:00","og_image":[{"width":2256,"height":885,"url":"https:\/\/www.comll.cat\/es\/wp-content\/uploads\/sites\/3\/comll-collegi-noticies-covid-19-portada.jpg","type":"image\/jpeg"}],"twitter_card":"summary_large_image","schema":{"@context":"https:\/\/schema.org","@graph":[{"@type":"WebPage","@id":"https:\/\/www.comll.cat\/es\/informacion-sobre-el-coronavirus\/","url":"https:\/\/www.comll.cat\/es\/informacion-sobre-el-coronavirus\/","name":"Informaci\u00f3n sobre el COVID-19 - Col\u00b7legi Oficial de Metges de Lleida","isPartOf":{"@id":"https:\/\/www.comll.cat\/es\/#website"},"primaryImageOfPage":{"@id":"https:\/\/www.comll.cat\/es\/informacion-sobre-el-coronavirus\/#primaryimage"},"image":{"@id":"https:\/\/www.comll.cat\/es\/informacion-sobre-el-coronavirus\/#primaryimage"},"thumbnailUrl":"https:\/\/www.comll.cat\/es\/wp-content\/uploads\/sites\/3\/comll-collegi-noticies-covid-19-portada.jpg","datePublished":"2021-09-06T08:57:42+00:00","dateModified":"2024-08-28T13:40:04+00:00","breadcrumb":{"@id":"https:\/\/www.comll.cat\/es\/informacion-sobre-el-coronavirus\/#breadcrumb"},"inLanguage":"es","potentialAction":[{"@type":"ReadAction","target":["https:\/\/www.comll.cat\/es\/informacion-sobre-el-coronavirus\/"]}]},{"@type":"ImageObject","inLanguage":"es","@id":"https:\/\/www.comll.cat\/es\/informacion-sobre-el-coronavirus\/#primaryimage","url":"https:\/\/www.comll.cat\/es\/wp-content\/uploads\/sites\/3\/comll-collegi-noticies-covid-19-portada.jpg","contentUrl":"https:\/\/www.comll.cat\/es\/wp-content\/uploads\/sites\/3\/comll-collegi-noticies-covid-19-portada.jpg","width":2256,"height":885},{"@type":"BreadcrumbList","@id":"https:\/\/www.comll.cat\/es\/informacion-sobre-el-coronavirus\/#breadcrumb","itemListElement":[{"@type":"ListItem","position":1,"name":"Portada","item":"https:\/\/www.comll.cat\/es\/"},{"@type":"ListItem","position":2,"name":"Informaci\u00f3n sobre el COVID-19"}]},{"@type":"WebSite","@id":"https:\/\/www.comll.cat\/es\/#website","url":"https:\/\/www.comll.cat\/es\/","name":"Col\u00b7legi Oficial de Metges de Lleida","description":"COMLL","potentialAction":[{"@type":"SearchAction","target":{"@type":"EntryPoint","urlTemplate":"https:\/\/www.comll.cat\/es\/?s={search_term_string}"},"query-input":{"@type":"PropertyValueSpecification","valueRequired":true,"valueName":"search_term_string"}}],"inLanguage":"es"}]}},"publishpress_future_workflow_manual_trigger":{"enabledWorkflows":[]},"_links":{"self":[{"href":"https:\/\/www.comll.cat\/es\/wp-json\/wp\/v2\/pages\/150","targetHints":{"allow":["GET"]}}],"collection":[{"href":"https:\/\/www.comll.cat\/es\/wp-json\/wp\/v2\/pages"}],"about":[{"href":"https:\/\/www.comll.cat\/es\/wp-json\/wp\/v2\/types\/page"}],"author":[{"embeddable":true,"href":"https:\/\/www.comll.cat\/es\/wp-json\/wp\/v2\/users\/1"}],"replies":[{"embeddable":true,"href":"https:\/\/www.comll.cat\/es\/wp-json\/wp\/v2\/comments?post=150"}],"version-history":[{"count":2,"href":"https:\/\/www.comll.cat\/es\/wp-json\/wp\/v2\/pages\/150\/revisions"}],"predecessor-version":[{"id":6704,"href":"https:\/\/www.comll.cat\/es\/wp-json\/wp\/v2\/pages\/150\/revisions\/6704"}],"wp:featuredmedia":[{"embeddable":true,"href":"https:\/\/www.comll.cat\/es\/wp-json\/wp\/v2\/media\/41"}],"wp:attachment":[{"href":"https:\/\/www.comll.cat\/es\/wp-json\/wp\/v2\/media?parent=150"}],"curies":[{"name":"wp","href":"https:\/\/api.w.org\/{rel}","templated":true}]}}